{"id":165,"date":"2019-10-09T01:25:35","date_gmt":"2019-10-09T01:25:35","guid":{"rendered":"https:\/\/evahermann.com.br\/spa\/?page_id=165"},"modified":"2019-11-14T16:40:33","modified_gmt":"2019-11-14T16:40:33","slug":"saude","status":"publish","type":"page","link":"https:\/\/evahermann.com.br\/spa\/saude\/","title":{"rendered":"SA\u00daDE"},"content":{"rendered":"<div class=\"wpb-content-wrapper\"><p>[vc_row css_animation=&#8221;&#8221; row_type=&#8221;row&#8221; use_row_as_full_screen_section=&#8221;no&#8221; type=&#8221;full_width&#8221; angled_section=&#8221;no&#8221; text_align=&#8221;left&#8221; background_image_as_pattern=&#8221;without_pattern&#8221;][vc_column][\/vc_column][\/vc_row][vc_row css_animation=&#8221;&#8221; row_type=&#8221;row&#8221; use_row_as_full_screen_section=&#8221;no&#8221; type=&#8221;grid&#8221; angled_section=&#8221;no&#8221; text_align=&#8221;left&#8221; background_image_as_pattern=&#8221;without_pattern&#8221; css=&#8221;.vc_custom_1573129707175{padding-top: 45px !important;padding-bottom: 45px !important;}&#8221; z_index=&#8221;&#8221;][vc_column width=&#8221;1\/2&#8243;][vc_column_text]<\/p>\n<p style=\"text-align: center;\"><img loading=\"lazy\" decoding=\"async\" class=\"alignnone wp-image-215\" src=\"https:\/\/evahermann.com.br\/spa\/wp-content\/uploads\/2019\/10\/dieta-do-tipo-sanguinio-1-1024x724-300x212.png\" alt=\"\" width=\"450\" height=\"318\" srcset=\"https:\/\/evahermann.com.br\/spa\/wp-content\/uploads\/2019\/10\/dieta-do-tipo-sanguinio-1-1024x724-300x212.png 300w, https:\/\/evahermann.com.br\/spa\/wp-content\/uploads\/2019\/10\/dieta-do-tipo-sanguinio-1-1024x724-768x543.png 768w, https:\/\/evahermann.com.br\/spa\/wp-content\/uploads\/2019\/10\/dieta-do-tipo-sanguinio-1-1024x724.png 1024w, https:\/\/evahermann.com.br\/spa\/wp-content\/uploads\/2019\/10\/dieta-do-tipo-sanguinio-1-1024x724-700x495.png 700w\" sizes=\"auto, (max-width: 450px) 100vw, 450px\" \/><\/p>\n<p>[\/vc_column_text][\/vc_column][vc_column width=&#8221;1\/2&#8243;][vc_column_text]<\/p>\n<h1 style=\"text-align: center;\"><span style=\"color: #751453;\">DIETA DO TIPO SANGU\u00cdNEO<\/span><\/h1>\n<p>[\/vc_column_text][vc_column_text]Seu tipo sangu\u00edneo \u00e9 O, A, B ou AB? Essa informa\u00e7\u00e3o \u00e9 importante para voc\u00ea colocar no card\u00e1pio di\u00e1rio os alimentos que combinam com seu organismo, combatendo processos inflamat\u00f3rios, que, geralmente, aumentam a reten\u00e7\u00e3o de l\u00edquido, o incha\u00e7o e as gordurinhas. Fazer escolhas alimentares de acordo com seu perfil biol\u00f3gico favorece ainda o ritmo do metabolismo, acelerando o emagrecimento \u2013 d\u00e1 para voc\u00ea perder at\u00e9 6 quilos em um m\u00eas!<\/p>\n<p>[\/vc_column_text][\/vc_column][\/vc_row][vc_row css_animation=&#8221;&#8221; row_type=&#8221;row&#8221; use_row_as_full_screen_section=&#8221;no&#8221; type=&#8221;grid&#8221; angled_section=&#8221;no&#8221; text_align=&#8221;left&#8221; background_image_as_pattern=&#8221;without_pattern&#8221; css=&#8221;.vc_custom_1573129711224{padding-top: 45px !important;padding-bottom: 45px !important;background-color: #f2f2f2 !important;}&#8221; z_index=&#8221;&#8221;][vc_column width=&#8221;1\/2&#8243;][vc_column_text]<\/p>\n<h1 style=\"text-align: center;\"><span style=\"color: #751453;\">TERAPIA ORTOMOLECULAR<\/span><\/h1>\n<p>[\/vc_column_text][vc_empty_space][vc_column_text]<span style=\"color: #000000;\">A Terapia Ortomolecular possibilita combater as intoxica\u00e7\u00f5es (ou seja, excesso de subst\u00e2ncias), compensar as car\u00eancias (suprindo o organismo com subst\u00e2ncias que lhe estejam faltando) e neutralizar os radicais livres. Por tudo isso, quando criteriosamente utilizada, proporciona melhor qualidade de vida e ajuda na preven\u00e7\u00e3o de agravos \u00e0 sa\u00fade. \u00c9 utilizada como parte importante das pr\u00e1ticas em Medicina Integrativa por contemplar o organismo como um todo que deva ser encarado e funcionar como tal, em harmonia.<\/span>[\/vc_column_text][\/vc_column][vc_column width=&#8221;1\/2&#8243;][vc_column_text]<\/p>\n<p style=\"text-align: center;\"><img loading=\"lazy\" decoding=\"async\" class=\"alignnone wp-image-218\" src=\"https:\/\/evahermann.com.br\/spa\/wp-content\/uploads\/2019\/10\/terapia-ortomolecular-1024x724-1024x724.png\" alt=\"\" width=\"450\" height=\"318\" srcset=\"https:\/\/evahermann.com.br\/spa\/wp-content\/uploads\/2019\/10\/terapia-ortomolecular-1024x724.png 1024w, https:\/\/evahermann.com.br\/spa\/wp-content\/uploads\/2019\/10\/terapia-ortomolecular-1024x724-300x212.png 300w, https:\/\/evahermann.com.br\/spa\/wp-content\/uploads\/2019\/10\/terapia-ortomolecular-1024x724-768x543.png 768w, https:\/\/evahermann.com.br\/spa\/wp-content\/uploads\/2019\/10\/terapia-ortomolecular-1024x724-700x495.png 700w\" sizes=\"auto, (max-width: 450px) 100vw, 450px\" \/><\/p>\n<p>[\/vc_column_text][\/vc_column][\/vc_row][vc_row css_animation=&#8221;&#8221; row_type=&#8221;row&#8221; use_row_as_full_screen_section=&#8221;no&#8221; type=&#8221;grid&#8221; angled_section=&#8221;no&#8221; text_align=&#8221;left&#8221; background_image_as_pattern=&#8221;without_pattern&#8221; css=&#8221;.vc_custom_1573129716238{padding-top: 20px !important;padding-bottom: 45px !important;background-color: #f2f2f2 !important;}&#8221; z_index=&#8221;&#8221;][vc_column width=&#8221;1\/2&#8243;][vc_column_text]<span style=\"color: #000000;\">A seguir irei te repassar algumas informa\u00e7\u00f5es referentes ao exame de Mineralograma. Tamb\u00e9m conhecido como vera-test\/bio \u2013 resson\u00e2ncia este m\u00e9todo antigamente foi popularizado quando requeria ainda que o paciente mandasse uma amostra de seu fio de cabelo para os EUA afim de obter um exame. Hoje felizmente existe a possibilidade de fazermos este exame e ter o diagn\u00f3stico imediato, feita pela Dra. Eva Hermann que possui mais de 20 anos de experiencia com tratamentos. O exame \u00e9 um verdadeiro check-up em nosso organismo, ele abrange praticamente tudo que se pode precisar para ter um diagn\u00f3stico extremamente preciso. Eva \u00e9 doutora em neuropatia, e especializada em homeopatia e ortomolecular, este conhecimento agregado as tecnologias que o Spa oferece faz deste ambiente um local \u00fanico, e tratando-se de sa\u00fade, tudo come\u00e7a com este exame, que dir\u00e1 qual seu n\u00edvel de intoxica\u00e7\u00e3o referente a cada metal ou solventes, agrot\u00f3xicos, pesticidas, etc (cada pessoa exp\u00f5e seu organismo a n\u00edveis diferentes de diferentes toxinas, o exame possibilita identificar isto para em seguida podermos fazer uma desintoxica\u00e7\u00e3o, podendo ser as vezes mais especializada em desintoxicar um determinado \u00f3rg\u00e3o o toxina) .<\/span>[\/vc_column_text][\/vc_column][vc_column width=&#8221;1\/2&#8243;][vc_column_text]<span style=\"color: #000000;\"> O m\u00e9todo permitir\u00e1 dizer tamb\u00e9m como est\u00e1 toda sua parte hormonal, trar\u00e1 um \u00edndice relatando \u00f3rg\u00e3o, os n\u00edveis de d\u00e9ficits minerais, abrangendo uma vasta gama de minerais, vitaminas, parasitas, e outros detalhes que auxiliar\u00e3o no diagn\u00f3stico e tratamento.<\/span><\/p>\n<p><span style=\"color: #000000;\">A consulta da doutora Eva inclui ainda um livro com informa\u00e7\u00f5es especificas de acordo com seu tipo sangu\u00edneo, Eva defendeu a tese que uma alimenta\u00e7\u00e3o fora do que \u00e9 determinado pelo seu tipo sangu\u00edneo faz com que seu organismo fique \u00e1cido, e al\u00e9m de n\u00e3o assimilar bem os nutrientes e comprometer seu funcionamento, ele ainda prejudica a homeostase dos \u00f3rg\u00e3os, ou seja, um organismo saud\u00e1vel na vis\u00e3o da doutora, seria um organismo sem toxinas, sem metais pesados, cujo sangue seja alcalino e o funcionamento dos \u00f3rg\u00e3os sejam plenos.<\/span>[\/vc_column_text][\/vc_column][\/vc_row][vc_row css_animation=&#8221;&#8221; row_type=&#8221;row&#8221; use_row_as_full_screen_section=&#8221;no&#8221; type=&#8221;grid&#8221; angled_section=&#8221;no&#8221; text_align=&#8221;left&#8221; background_image_as_pattern=&#8221;without_pattern&#8221; css=&#8221;.vc_custom_1573168579341{padding-top: 45px !important;padding-bottom: 45px !important;}&#8221; z_index=&#8221;&#8221;][vc_column width=&#8221;1\/2&#8243;][vc_column_text]<\/p>\n<p style=\"text-align: center;\"><img loading=\"lazy\" decoding=\"async\" class=\"alignnone wp-image-375\" src=\"https:\/\/evahermann.com.br\/spa\/wp-content\/uploads\/2019\/10\/Elimina\u00e7\u00e3o-de-metais-pesados-1024x725.png\" alt=\"\" width=\"450\" height=\"319\" srcset=\"https:\/\/evahermann.com.br\/spa\/wp-content\/uploads\/2019\/10\/Elimina\u00e7\u00e3o-de-metais-pesados-1024x725.png 1024w, https:\/\/evahermann.com.br\/spa\/wp-content\/uploads\/2019\/10\/Elimina\u00e7\u00e3o-de-metais-pesados-1024x725-300x212.png 300w, https:\/\/evahermann.com.br\/spa\/wp-content\/uploads\/2019\/10\/Elimina\u00e7\u00e3o-de-metais-pesados-1024x725-768x544.png 768w, https:\/\/evahermann.com.br\/spa\/wp-content\/uploads\/2019\/10\/Elimina\u00e7\u00e3o-de-metais-pesados-1024x725-700x496.png 700w\" sizes=\"auto, (max-width: 450px) 100vw, 450px\" \/><\/p>\n<p>[\/vc_column_text][vc_empty_space][vc_column_text]<\/p>\n<h1 style=\"text-align: center;\"><span style=\"color: #751453;\">ELIMINA\u00c7\u00c3O DE METAIS PESADOS<\/span><\/h1>\n<p>[\/vc_column_text][vc_empty_space][vc_column_text]<span style=\"color: #000000;\">A medicina convencional tem conhecimento de que os metais t\u00f3xicos ou metais pesados causam envenenamento, doen\u00e7as, quando ingeridos, inalados ou absorvidos pela pele. O que ocorre, entretanto, \u00e9 que esses metais t\u00f3xicos, al\u00e9m de permanecerem nos vasos sangu\u00edneos, se alojam no interior das c\u00e9lulas de \u00f3rg\u00e3os como f\u00edgado, pulm\u00e3o, ossos, c\u00e9rebro, m\u00fasculos, dentes, etc. Impossibilitando, desta forma, sua detec\u00e7\u00e3o atrav\u00e9s de exames laboratoriais tradicionais. (A presen\u00e7a de metais t\u00f3xicos no interior das c\u00e9lulas e suas implica\u00e7\u00f5es biof\u00edsicas e bioqu\u00edmicas, dependendo do metal e de sua quantidade no organismo, ocasionam sinais e sintomas, desde vagos ou subjetivos, at\u00e9 graves les\u00f5es no DNA, levando s neoplasia). Sintomas vagos como parasitas (formigamento, flatul\u00eancia, dores cr\u00f4nicas (\u201cruindade na cabe\u00e7a e zonzeira\u201d), para todas as doen\u00e7as que n\u00e3o sabemos a causa, sempre criamos termos sugestivos para defini-las ou enquadramos em \u201csintomas\u201d (conjunto de sintomas). Ex.: S\u00edndrome de fadiga cr\u00f4nica, S\u00edndrome do intestino irrit\u00e1vel. S\u00edndrome do p\u00e2nico, fen\u00f4meno de Reynaud, etc.<\/span>[\/vc_column_text][vc_column_text]<span style=\"color: #000000;\">CONCEITO DE METAIS T\u00d3XICOS<\/span><\/p>\n<p><span style=\"color: #000000;\">S\u00e3o elementos qu\u00edmicos, alguns estranhos ao nosso organismo, outros necess\u00e1rios a ele, que em excesso (quando atingem n\u00edveis patol\u00f3gicos, se tornam extremamente mal\u00e9ficos).<\/span><\/p>\n<p><span style=\"color: #000000;\">As caracter\u00edsticas fundamentais do metal t\u00f3xico (ou metal pesado) \u00e9 produzir deple\u00e7\u00f5es, ou seja, reduzir a a\u00e7\u00e3o de minerais essenciais espec\u00edficos. Esses metais t\u00f3xicos, agindo de forma direta defici\u00eancia destes minerais essenciais, levam ao aumento de RL (Radicais Livres), causando les\u00f5es mitoc\u00f4ndrias, altera\u00e7\u00f5es de enzimas, horm\u00f4nios, neurotransmissores.<\/span>[\/vc_column_text][\/vc_column][vc_column width=&#8221;1\/2&#8243;][vc_column_text]<span style=\"color: #000000;\"><strong>TIPOS DE METAIS T\u00d3XICOS<\/strong><\/span><\/p>\n<p><span style=\"color: #000000;\">A seguir, uma vis\u00e3o geral das fontes de contamina\u00e7\u00e3o de metais e sintomas que podem produzir.<\/span><\/p>\n<ol>\n<li><strong><span style=\"color: #000000;\">CHUMBO<\/span><\/strong><\/li>\n<\/ol>\n<p><span style=\"color: #000000;\">Sintomas: fadiga cr\u00f4nica, cefaleia, hipertens\u00e3o arterial, iteratividade infantil, depress\u00e3o, d\u00e9ficit de mem\u00f3ria, dores abdominais, d\u00e9ficit cognitivo. Fontes de contamina\u00e7\u00e3o: cigarros, tintas, tinturas de cabelo, polui\u00e7\u00e3o provocada pelas emiss\u00f5es de autom\u00f3veis, pesticidas, agrot\u00f3xicos, contato direto com a gasolina.<\/span><\/p>\n<ol start=\"2\">\n<li><strong><span style=\"color: #000000;\">MERC\u00daRIO<\/span><\/strong><\/li>\n<\/ol>\n<p><span style=\"color: #000000;\">Sintomas: depress\u00e3o, tremores nos membros, quadro psic\u00f3tico, irrita\u00e7\u00e3o, dist\u00farbios de fala e gagueira (principalmente em crian\u00e7as), convuls\u00f5es, alergias respirat\u00f3rias, alucina\u00e7\u00f5es dist\u00farbios da mem\u00f3ria, baixo desempenho sexual, redu\u00e7\u00e3o de imunidade. Fontes de contamina\u00e7\u00e3o: agrot\u00f3xicos, pesticidas, fungicidas, peixes (contamina\u00e7\u00e3o das \u00e1guas dos rios ocasionados pelo garimpo de ouro), frutos do mar, obtura\u00e7\u00f5es de am\u00e1lgama dos dentes, term\u00f4metros quebrados (ingeridos por crian\u00e7a), vapor de l\u00e2mpadas fluorescentes.<\/span><\/p>\n<ol start=\"3\">\n<li><strong><span style=\"color: #000000;\">C\u00c1DMIO<\/span><\/strong><\/li>\n<\/ol>\n<p><span style=\"color: #000000;\">Sintomas: tonturas (labirintoses), hipotens\u00e3o arterial inicialmente, depois hipertens\u00e3o, cefaleia, anemia intrat\u00e1vel, nefro toxidade c\u00e2ncer de pulm\u00e3o, bexiga, \u00fatero, ov\u00e1rio e pr\u00f3stata.<\/span><\/p>\n<p><span style=\"color: #000000;\">Fontes de contamina\u00e7\u00e3o: cigarros (fuma\u00e7a), a\u00e7\u00facar de cana (pulveriza\u00e7\u00e3o dos canaviais), enlatados, ch\u00e1s, farinhas refinadas. Mocot\u00f3s, fuma\u00e7a de cana-de-a\u00e7\u00facar e das industrias em geral.<\/span><\/p>\n<ol start=\"4\">\n<li><strong><span style=\"color: #000000;\">ALUMINIO<\/span><\/strong><\/li>\n<\/ol>\n<p><span style=\"color: #000000;\">Sintomas: dores musculares cr\u00f4nicas, fadiga, gastrenterites, encefalopatia, ang\u00fastia, redu\u00e7\u00e3o da mem\u00f3ria (para fatos recentes), diminui\u00e7\u00e3o do crescimento. Em crian\u00e7as: dist\u00farbios de fala, \u201cdor de crescimento, gagueiras, iteratividade<\/span><\/p>\n<p><span style=\"color: #000000;\">Fontes de contamina\u00e7\u00e3o: medicamentos anti\u00e1cidos (contendo hidr\u00f3xido de alum\u00ednio), ch\u00e1s de ervas, queijos, farinha de trigo, area\u00e7\u00e3o de panelas de alum\u00ednio (principalmente ap\u00f3s contato com subst\u00e2ncias \u00e1cidas como: lim\u00e3o, extrato de tomate, etc.), embalagens aluminizadas, desodorantes (spray- inala\u00e7\u00e3o), tinturas de cabelos, tratamentos de \u00e1gua (com sulfato de alum\u00ednio), piscinas.<\/span><\/p>\n<ol start=\"5\">\n<li><strong><span style=\"color: #000000;\">Ars\u00eanico<\/span><\/strong><\/li>\n<\/ol>\n<p><span style=\"color: #000000;\">Sintomas: Hipertireoidismo. Hipertens\u00e3o arterial, dermatites, mastopia fibroc\u00edsticas (n\u00f3dulos no seio), cisto de ov\u00e1rio, c\u00e2ncer de pele, pulm\u00e3o e f\u00edgado.<\/span><\/p>\n<p><span style=\"color: #000000;\">Fontes de contamina\u00e7\u00e3o: agrot\u00f3xicos, hortali\u00e7as, carne de frango (subst\u00e2ncias usadas para o crescimento), vegetais folhosos verdes, perfumes.<\/span><\/p>\n<ol start=\"6\">\n<li><strong><span style=\"color: #000000;\">N\u00edquel<\/span><\/strong><\/li>\n<\/ol>\n<p><span style=\"color: #000000;\">Sintomas: dermatite, alergia, renite cr\u00f4nica, depress\u00e3o, hiperglicemia, emotividade, alergias de pele (bijuterias), muta\u00e7\u00f5es de DNA (a\u00e7\u00e3o carcinog\u00eanica).<\/span><\/p>\n<p><span style=\"color: #000000;\">Fontes de contamina\u00e7\u00e3o: margarinas e \u00f3leos hidrogenados, fertilizantes, panelas de a\u00e7o inox.<\/span><\/p>\n<ol start=\"7\">\n<li><strong><span style=\"color: #000000;\">Fl\u00faor<\/span><\/strong><\/li>\n<\/ol>\n<p><span style=\"color: #000000;\">Sintomas: fibromialgia, fadiga cr\u00f4nica, depress\u00e3o, dist\u00farbios de mem\u00f3ria e outros a serem ainda estudados.<\/span><\/p>\n<p><span style=\"color: #000000;\">Fontes de contamina\u00e7\u00e3o principalmente \u00e1gua e creme dental.<\/span>[\/vc_column_text][\/vc_column][\/vc_row][vc_row css_animation=&#8221;&#8221; row_type=&#8221;row&#8221; use_row_as_full_screen_section=&#8221;no&#8221; type=&#8221;grid&#8221; angled_section=&#8221;no&#8221; text_align=&#8221;left&#8221; background_image_as_pattern=&#8221;without_pattern&#8221; css=&#8221;.vc_custom_1573168586635{padding-top: 45px !important;padding-bottom: 45px !important;background-color: #ededed !important;}&#8221; z_index=&#8221;&#8221;][vc_column width=&#8221;1\/2&#8243;][vc_column_text]<\/p>\n<p style=\"text-align: center;\"><img loading=\"lazy\" decoding=\"async\" class=\"alignnone wp-image-505\" src=\"https:\/\/evahermann.com.br\/spa\/wp-content\/uploads\/2019\/11\/HIDROV.png\" alt=\"\" width=\"350\" height=\"328\" srcset=\"https:\/\/evahermann.com.br\/spa\/wp-content\/uploads\/2019\/11\/HIDROV.png 553w, https:\/\/evahermann.com.br\/spa\/wp-content\/uploads\/2019\/11\/HIDROV-300x282.png 300w\" sizes=\"auto, (max-width: 350px) 100vw, 350px\" \/><\/p>\n<p>[\/vc_column_text][vc_column_text]<\/p>\n<h1 style=\"text-align: center;\"><span style=\"color: #751453;\">HIDROVITALIS<\/span><\/h1>\n<p>[\/vc_column_text][vc_empty_space][vc_column_text]<span style=\"color: #000000;\">O Hidrovitalis \u00e9 um equipamento emissor de frequ\u00eancias e de hidroterapia, que combina as propriedades terap\u00eauticas da \u00e1gua com a for\u00e7a da bio-eletr\u00f4nica, restabelecendo e ampliando a capacidade do corpo de auto curar-se.<\/span><\/p>\n<p><span style=\"color: #000000;\">Possibilita a estimula\u00e7\u00e3o e normaliza\u00e7\u00e3o do organismo e a desintoxica\u00e7\u00e3o. N\u00e3o \u00e9 invasivo, nem doloroso, produz profunda sensa\u00e7\u00e3o de relaxamento e bem estar<\/span><\/p>\n<p><span style=\"color: #000000;\">O Hidrovitalis tem efetividade comprovada para:<\/span><\/p>\n<ul>\n<li><span style=\"color: #000000;\">desintoxica\u00e7\u00e3o de \u00f3rg\u00e3os: rins, p\u00e2ncreas, f\u00edgado, timo, intestino, sistema circulat\u00f3rio e linf\u00e1tico.<\/span><\/li>\n<li><span style=\"color: #000000;\">desintoxica\u00e7\u00e3o de metais t\u00f3xicos: alum\u00ednio, c\u00e1dmio, chumbo, merc\u00fario, n\u00edquel.<\/span><\/li>\n<li><span style=\"color: #000000;\">desintoxica\u00e7\u00e3o de agrot\u00f3xicos e pesticidas.<\/span><\/li>\n<li><span style=\"color: #000000;\">desintoxica\u00e7\u00e3o de fungos e parasitas.<\/span><\/li>\n<\/ul>\n<p>&nbsp;<\/p>\n<p><strong><span style=\"color: #000000;\">OPERA\u00c7\u00c3O SIMPLES E SEGURA<\/span><\/strong><\/p>\n<p><span style=\"color: #000000;\">\u00a0O tratamento consiste em colocar os p\u00e9s dentro de uma banheira com \u00e1gua pura e pequena quantidade de sal. Um sistema emissor, controlado por computador, envia por meio do aparelho de Hidrovitalis, sinais de frequ\u00eancias espec\u00edficas, que criam uma corrente de el\u00e9trons pulsada e um campo bioenerg\u00e9tico que proporciona uma alta efic\u00e1cia em desintoxica\u00e7\u00e3o, al\u00e9m de uma profunda sensa\u00e7\u00e3o de relaxamento e bem estar.<\/span><\/p>\n<p><span style=\"color: #000000;\">\u00a0Os sinais bioenerg\u00e9ticos efetuam a harmoniza\u00e7\u00e3o e a desintoxica\u00e7\u00e3o, carregando mol\u00e9culas t\u00f3xicas ioniz\u00e1veis e estimulando gl\u00e2ndulas linf\u00e1ticas para o processo de desintoxica\u00e7\u00e3o. Os p\u00e9s possuem pelo menos 2000 poros, por isso ele se torna a melhor op\u00e7\u00e3o para o tratamento.<\/span><\/p>\n<p><span style=\"color: #000000;\">\u00a0Quando as c\u00e9lulas est\u00e3o com suas fun\u00e7\u00f5es equilibradas, elas permitem que nutrientes importantes sejam absorvidos e que toxinas n\u00e3o desej\u00e1veis sejam eliminadas. O estilo de vida moderno acaba muitas vezes perturbando a harmonia das fun\u00e7\u00f5es org\u00e2nicas, levando ao desequil\u00edbrio das c\u00e9lulas, \u00e0 baixa absor\u00e7\u00e3o nutricional e alta intoxica\u00e7\u00e3o.<\/span>[\/vc_column_text][vc_column_text]<span style=\"color: #000000;\">CONCEITO DE METAIS T\u00d3XICOS<\/span><\/p>\n<p><span style=\"color: #000000;\">S\u00e3o elementos qu\u00edmicos, alguns estranhos ao nosso organismo, outros necess\u00e1rios a ele, que em excesso (quando atingem n\u00edveis patol\u00f3gicos, se tornam extremamente mal\u00e9ficos).<\/span><\/p>\n<p><span style=\"color: #000000;\">As caracter\u00edsticas fundamentais do metal t\u00f3xico (ou metal pesado) \u00e9 produzir deple\u00e7\u00f5es, ou seja, reduzir a a\u00e7\u00e3o de minerais essenciais espec\u00edficos. Esses metais t\u00f3xicos, agindo de forma direta defici\u00eancia destes minerais essenciais, levam ao aumento de RL (Radicais Livres), causando les\u00f5es mitoc\u00f4ndrias, altera\u00e7\u00f5es de enzimas, horm\u00f4nios, neurotransmissores.<\/span>[\/vc_column_text][\/vc_column][vc_column width=&#8221;1\/2&#8243;][vc_column_text]<span style=\"color: #000000;\"><strong>D\u00daVIDAS FREQUENTES SOBRE O HIDROVITALIS<\/strong><\/span><\/p>\n<p>&nbsp;<\/p>\n<p><span style=\"color: #000000;\"><strong>COMO FUNCIONA ESTA DESINTOXICA\u00c7\u00c3O?<\/strong><\/span><\/p>\n<p><span style=\"color: #000000;\">Atrav\u00e9s de um processo de rebalanceamento energ\u00e9tico do corpo e reequil\u00edbrio dos \u00f3rg\u00e3os, inicia-se o processo de desintoxica\u00e7\u00e3o. Com isso, temos como resultado uma \u00f3tima efici\u00eancia nas fun\u00e7\u00f5es de elimina\u00e7\u00e3o de material t\u00f3xico. O resultado ser\u00e1: um aumento dos n\u00edveis energ\u00e9ticos, tanto f\u00edsico quanto mental, com uma sensa\u00e7\u00e3o de profundo bem-estar.<\/span><\/p>\n<p><span style=\"color: #000000;\"><strong>QUANTO TEMPO DURA CADA SESS\u00c3O?<\/strong><\/span><\/p>\n<p><span style=\"color: #000000;\">Em m\u00e9dia, 60 minutos, variando de acordo com o programa e a quantidade de metais pesados que capa pessoa possui em excesso.<\/span><\/p>\n<p><span style=\"color: #000000;\"><strong>SENTE-SE ALGO DURANTE A SESS\u00c3O?<\/strong><\/span><\/p>\n<p><span style=\"color: #000000;\">Algumas pessoas sentem leve formigamento nos p\u00e9s e pernas ou sonol\u00eancia. Isto \u00e9 sinal de que seu organismo est\u00e1 sendo desintoxicado e harmonizado.<\/span><\/p>\n<p><span style=\"color: #000000;\"><strong>EXISTE ALGUM EFEITO COLATERAL?<\/strong><\/span><\/p>\n<p><span style=\"color: #000000;\">Geralmente n\u00e3o. Entretanto, em algumas situa\u00e7\u00f5es, \u00e9 comum sentir dores de cabe\u00e7a e um sintoma como um resfriado, ap\u00f3s uma sess\u00e3o. Por isso \u00e9 importante beber muita \u00e1gua durante o tratamento.<\/span><\/p>\n<p><span style=\"color: #000000;\"><strong>QUANTAS SESS\u00d5ES DEVEM SER FEITAS?<\/strong><\/span><\/p>\n<p><span style=\"color: #000000;\">Varia de pessoa para pessoa. Em m\u00e9dia 1 sess\u00e3o j\u00e1 retira, mas se necess\u00e1rio p\u00f3 ser feito outra sess\u00e3o.<\/span><\/p>\n<p><span style=\"color: #000000;\"><strong>H\u00c1 ALGUMA RESTRI\u00c7\u00c3O DE USO?<\/strong><\/span><\/p>\n<p><span style=\"color: #000000;\">Sim, portadores de marca-passos, transplantados e gestantes.<\/span><\/p>\n<p><span style=\"color: #000000;\"><strong>POR QUE A \u00c1GUA MUDA DE COR NO FINAL DE CADA SESS\u00c3O?<\/strong><\/span><\/p>\n<p><span style=\"color: #000000;\">H\u00e1 uma rea\u00e7\u00e3o entre os sais presentes na \u00e1gua com as toxinas que saem pelos poros, dando uma colora\u00e7\u00e3o levemente amarelada, alaranjada ou amarronzada, dependendo do n\u00edvel de toxinas presentes no corpo.<\/span><\/p>\n<p><span style=\"color: #000000;\"><strong>POR QUE APARECEM DEP\u00d3SITOS NO FUNDO E PART\u00cdCULAS EM SUSPENS\u00c3O SOBRE A \u00c1GUA?<\/strong><\/span><\/p>\n<p><span style=\"color: #000000;\">Novamente, \u00e9 resultado da rea\u00e7\u00e3o entre o sal da \u00e1gua e das toxinas que s\u00e3o drenadas pelos poros.<\/span>[\/vc_column_text][\/vc_column][\/vc_row][vc_row css_animation=&#8221;&#8221; row_type=&#8221;row&#8221; use_row_as_full_screen_section=&#8221;no&#8221; type=&#8221;grid&#8221; angled_section=&#8221;no&#8221; text_align=&#8221;left&#8221; background_image_as_pattern=&#8221;without_pattern&#8221; css=&#8221;.vc_custom_1573129722975{padding-top: 45px !important;padding-bottom: 45px !important;}&#8221; z_index=&#8221;&#8221;][vc_column width=&#8221;1\/2&#8243;][vc_column_text]<\/p>\n<p style=\"text-align: center;\"><img loading=\"lazy\" decoding=\"async\" class=\"alignnone wp-image-221\" src=\"https:\/\/evahermann.com.br\/spa\/wp-content\/uploads\/2019\/10\/reposi\u00e7\u00e3o-hormonal-1024x725-300x212.png\" alt=\"\" width=\"450\" height=\"319\" srcset=\"https:\/\/evahermann.com.br\/spa\/wp-content\/uploads\/2019\/10\/reposi\u00e7\u00e3o-hormonal-1024x725-300x212.png 300w, https:\/\/evahermann.com.br\/spa\/wp-content\/uploads\/2019\/10\/reposi\u00e7\u00e3o-hormonal-1024x725-768x544.png 768w, https:\/\/evahermann.com.br\/spa\/wp-content\/uploads\/2019\/10\/reposi\u00e7\u00e3o-hormonal-1024x725.png 1024w, https:\/\/evahermann.com.br\/spa\/wp-content\/uploads\/2019\/10\/reposi\u00e7\u00e3o-hormonal-1024x725-700x496.png 700w\" sizes=\"auto, (max-width: 450px) 100vw, 450px\" \/><\/p>\n<p>[\/vc_column_text][\/vc_column][vc_column width=&#8221;1\/2&#8243;][vc_column_text]<\/p>\n<h1 style=\"text-align: center;\"><span style=\"color: #751453;\">REPOSI\u00c7\u00c3O HORMONAL FISIOTER\u00c1PICA E NATURAL<\/span><\/h1>\n<p>[\/vc_column_text][vc_column_text]<span style=\"color: #000000;\">O horm\u00f4nio do crescimento tamb\u00e9m conhecido por HGH \u00e9 uma substancia naturalmente produzida pelo corpo humano desde o nascimento, contribuindo para o seu desenvolvimento at\u00e9 a idade adulta \u00e9 o \u00fanico horm\u00f4nio produzido durante toda a nossa vida em maiores ou menores quantidades (depende de v\u00e1rios fatores tais como o alimentar, o ambiental, os h\u00e1bitos familiares, a faixa et\u00e1ria etc.)<\/span>[\/vc_column_text][\/vc_column][\/vc_row][vc_row css_animation=&#8221;&#8221; row_type=&#8221;row&#8221; use_row_as_full_screen_section=&#8221;no&#8221; type=&#8221;grid&#8221; angled_section=&#8221;no&#8221; text_align=&#8221;left&#8221; background_image_as_pattern=&#8221;without_pattern&#8221; css=&#8221;.vc_custom_1573129729854{padding-bottom: 45px !important;}&#8221; z_index=&#8221;&#8221;][vc_column width=&#8221;1\/2&#8243;][vc_column_text]<\/p>\n<h1 style=\"text-align: center;\"><span style=\"color: #751453;\">ACUPUNTURA<\/span><\/h1>\n<p>[\/vc_column_text][vc_column_text]<span style=\"color: #000000;\">A\u00a0acupuntura\u00a0surgiu h\u00e1 muito tempo, por meio dos chineses, sendo um dos tratamentos mais antigos dentro da medicina. Seu pr\u00f3prio nome acupuntura significa o seguinte: acus \u2013 agulha, punctura \u2013 colocar. Essas agulhas s\u00e3o colocadas em lugares espec\u00edficos do corpo, para que sejam estimulados e assim voltem a sua fun\u00e7\u00e3o normal. Cada ponto restabelecido equilibra novamente as for\u00e7as que promovem a sa\u00fade f\u00edsica e mental. Durante o diagn\u00f3stico \u00e9 analisado em quais partes do corpo ser\u00e3o inseridos as agulhas. Os pontos ou locais escolhidos s\u00e3o chamados de acupontos. Esses locais n\u00e3o s\u00e3o profundos, por\u00e9m, n\u00e3o ficam no exterior da pele. Para que n\u00e3o ocorra nenhuma les\u00e3o, as agulhas s\u00e3o injetadas em diferentes \u00e2ngulos. Talvez seja preciso modificar o tempo, o sentido e a forma isso de acordo com as doen\u00e7as apresentada. \u00c9 comum que um tubo pl\u00e1stico chamado de mandril, seja usado para facilitar a aplica\u00e7\u00e3o da agulha. Sua principal fun\u00e7\u00e3o \u00e9 diminuir a dor, por\u00e9m n\u00e3o \u00e9 poss\u00edvel atingir a profundidade indicada de uma s\u00f3 vez. Pode ser que sinta uma dor leve ou um pequeno choque em alguns pontos. A inten\u00e7\u00e3o da coloca\u00e7\u00e3o das agulhas \u00e9 equilibrar a energia do corpo. Est\u00e1 comprovado o efeito sobre o sistema nervoso, respons\u00e1vel pelo controle de alguns dist\u00farbios. Sua a\u00e7\u00e3o, nos acupontos liberam neurotransmissores que melhoram o bom humor, ajudando em casos de dor. Para o diagn\u00f3stico s\u00e3o avaliadas quest\u00f5es sobre v\u00e1rios aspectos no modo do paciente levar a vida. Tamb\u00e9m \u00e9 feito um exame f\u00edsico onde se faz a checagem da respira\u00e7\u00e3o, pulsa\u00e7\u00e3o, cor da l\u00edngua e da pele.<\/span>[\/vc_column_text][\/vc_column][vc_column width=&#8221;1\/2&#8243;][vc_column_text]<\/p>\n<p style=\"text-align: center;\"><img loading=\"lazy\" decoding=\"async\" class=\"alignnone wp-image-224\" src=\"https:\/\/evahermann.com.br\/spa\/wp-content\/uploads\/2019\/10\/ACUPUNTURA1-1024x724-300x212.png\" alt=\"\" width=\"450\" height=\"318\" srcset=\"https:\/\/evahermann.com.br\/spa\/wp-content\/uploads\/2019\/10\/ACUPUNTURA1-1024x724-300x212.png 300w, https:\/\/evahermann.com.br\/spa\/wp-content\/uploads\/2019\/10\/ACUPUNTURA1-1024x724-768x543.png 768w, https:\/\/evahermann.com.br\/spa\/wp-content\/uploads\/2019\/10\/ACUPUNTURA1-1024x724.png 1024w, https:\/\/evahermann.com.br\/spa\/wp-content\/uploads\/2019\/10\/ACUPUNTURA1-1024x724-700x495.png 700w\" sizes=\"auto, (max-width: 450px) 100vw, 450px\" \/><\/p>\n<p>[\/vc_column_text][\/vc_column][\/vc_row][vc_row css_animation=&#8221;&#8221; row_type=&#8221;row&#8221; use_row_as_full_screen_section=&#8221;no&#8221; type=&#8221;grid&#8221; angled_section=&#8221;no&#8221; text_align=&#8221;left&#8221; background_image_as_pattern=&#8221;without_pattern&#8221; css=&#8221;.vc_custom_1573129736117{padding-top: 45px !important;padding-bottom: 45px !important;}&#8221; z_index=&#8221;&#8221;][vc_column width=&#8221;1\/2&#8243;][vc_column_text]<\/p>\n<p style=\"text-align: center;\"><img loading=\"lazy\" decoding=\"async\" class=\"alignnone wp-image-227\" src=\"https:\/\/evahermann.com.br\/spa\/wp-content\/uploads\/2019\/10\/AURICULOTERAPIA1-300x212.png\" alt=\"\" width=\"450\" height=\"318\" srcset=\"https:\/\/evahermann.com.br\/spa\/wp-content\/uploads\/2019\/10\/AURICULOTERAPIA1-300x212.png 300w, https:\/\/evahermann.com.br\/spa\/wp-content\/uploads\/2019\/10\/AURICULOTERAPIA1-768x543.png 768w, https:\/\/evahermann.com.br\/spa\/wp-content\/uploads\/2019\/10\/AURICULOTERAPIA1-1024x724.png 1024w, https:\/\/evahermann.com.br\/spa\/wp-content\/uploads\/2019\/10\/AURICULOTERAPIA1-700x495.png 700w, https:\/\/evahermann.com.br\/spa\/wp-content\/uploads\/2019\/10\/AURICULOTERAPIA1.png 1123w\" sizes=\"auto, (max-width: 450px) 100vw, 450px\" \/><\/p>\n<p>[\/vc_column_text][\/vc_column][vc_column width=&#8221;1\/2&#8243;][vc_column_text]<\/p>\n<h1 style=\"text-align: center;\"><span style=\"color: #751453;\">AURICULOTERAPIA<\/span><\/h1>\n<p>[\/vc_column_text][vc_column_text]<span style=\"color: #000000;\">T\u00e9cnica integrante da Medicina Tradicional Chinesa (MTC), a Auriculoterapia, tamb\u00e9m chamada de Auriculopunctura ou terapia auricular, \u00e9 uma t\u00e9cnica de cura que tem como princ\u00edpio estimular determinados pontos auriculares relacionados com v\u00e1rias partes do corpo para promover o seu normal funcionamento.<\/span>[\/vc_column_text][\/vc_column][\/vc_row][vc_row css_animation=&#8221;&#8221; row_type=&#8221;row&#8221; use_row_as_full_screen_section=&#8221;no&#8221; type=&#8221;grid&#8221; angled_section=&#8221;no&#8221; text_align=&#8221;left&#8221; background_image_as_pattern=&#8221;without_pattern&#8221; css=&#8221;.vc_custom_1573129745656{padding-bottom: 45px !important;}&#8221; z_index=&#8221;&#8221;][vc_column width=&#8221;1\/2&#8243;][vc_column_text]<\/p>\n<h1 style=\"text-align: center;\"><span style=\"color: #751453;\">OZONIOTERAPIA E OXIGENOTERAPIA<\/span><\/h1>\n<p>[\/vc_column_text][vc_column_text]<span style=\"color: #000000;\">T\u00e9cnica proporciona oxigena\u00e7\u00e3o que favorece combate aos radicais livres, um dos causadores do envelhecimento precoce. Tamb\u00e9m promove a regenera\u00e7\u00e3o da pele e ajuda em processos anti-inflamat\u00f3rios, eliminando edemas, celulite e at\u00e9 gordura.<\/span>[\/vc_column_text][\/vc_column][vc_column width=&#8221;1\/2&#8243;][vc_column_text]<\/p>\n<p style=\"text-align: center;\"><img loading=\"lazy\" decoding=\"async\" class=\"alignnone wp-image-229\" src=\"https:\/\/evahermann.com.br\/spa\/wp-content\/uploads\/2019\/10\/ozonioterapia-e-oxigenoterapia-1-300x212.png\" alt=\"\" width=\"450\" height=\"318\" srcset=\"https:\/\/evahermann.com.br\/spa\/wp-content\/uploads\/2019\/10\/ozonioterapia-e-oxigenoterapia-1-300x212.png 300w, https:\/\/evahermann.com.br\/spa\/wp-content\/uploads\/2019\/10\/ozonioterapia-e-oxigenoterapia-1-768x543.png 768w, https:\/\/evahermann.com.br\/spa\/wp-content\/uploads\/2019\/10\/ozonioterapia-e-oxigenoterapia-1-1024x724.png 1024w, https:\/\/evahermann.com.br\/spa\/wp-content\/uploads\/2019\/10\/ozonioterapia-e-oxigenoterapia-1-700x495.png 700w, https:\/\/evahermann.com.br\/spa\/wp-content\/uploads\/2019\/10\/ozonioterapia-e-oxigenoterapia-1.png 1123w\" sizes=\"auto, (max-width: 450px) 100vw, 450px\" \/><\/p>\n<p>[\/vc_column_text][\/vc_column][\/vc_row][vc_row css_animation=&#8221;&#8221; row_type=&#8221;row&#8221; use_row_as_full_screen_section=&#8221;no&#8221; type=&#8221;grid&#8221; angled_section=&#8221;no&#8221; text_align=&#8221;left&#8221; background_image_as_pattern=&#8221;without_pattern&#8221; css=&#8221;.vc_custom_1573129752016{padding-top: 45px !important;padding-bottom: 45px !important;}&#8221; z_index=&#8221;&#8221;][vc_column width=&#8221;1\/2&#8243;][vc_column_text]<img loading=\"lazy\" decoding=\"async\" class=\"aligncenter wp-image-516\" src=\"https:\/\/evahermann.com.br\/spa\/wp-content\/uploads\/2019\/11\/DOME-3.png\" alt=\"\" width=\"420\" height=\"400\" srcset=\"https:\/\/evahermann.com.br\/spa\/wp-content\/uploads\/2019\/11\/DOME-3.png 559w, https:\/\/evahermann.com.br\/spa\/wp-content\/uploads\/2019\/11\/DOME-3-300x286.png 300w\" sizes=\"auto, (max-width: 420px) 100vw, 420px\" \/>[\/vc_column_text][\/vc_column][vc_column width=&#8221;1\/2&#8243;][vc_column_text]<\/p>\n<h1 style=\"text-align: center;\"><span style=\"color: #751453;\">DOME INVEL<\/span><\/h1>\n<p>[\/vc_column_text][vc_column_text]<span style=\"color: #000000;\">O Dome Invel Corporal \u00e9 um aparelho de alta tecnologia japonesa, emissor de infravermelho longo, que produz benef\u00edcios em todo o organismo.<\/span><\/p>\n<p><span style=\"color: #000000;\">Benef\u00edcios:<\/span><\/p>\n<p>&nbsp;<\/p>\n<ul>\n<li><span style=\"color: #000000;\">Libera\u00e7\u00e3o de toxinas e impurezas.<\/span><\/li>\n<li><span style=\"color: #000000;\">Elimina\u00e7\u00e3o de gorduras e celulite.<\/span><\/li>\n<li><span style=\"color: #000000;\">Melhora a auto-estima.<\/span><\/li>\n<li><span style=\"color: #000000;\">Preven\u00e7\u00e3o de doen\u00e7as.<\/span><\/li>\n<li><span style=\"color: #000000;\">Incremento na renova\u00e7\u00e3o celular.<\/span><\/li>\n<li><span style=\"color: #000000;\">Atenua o envelhecimento.<\/span><\/li>\n<li><span style=\"color: #000000;\">Est\u00edmulo na oxigena\u00e7\u00e3o.<\/span><\/li>\n<li><span style=\"color: #000000;\">Melhora das inflama\u00e7\u00f5es e infec\u00e7\u00f5es.<\/span><\/li>\n<li><span style=\"color: #000000;\">Al\u00edvio das dores musculares.<\/span><\/li>\n<li><span style=\"color: #000000;\">Ativa\u00e7\u00e3o do fluxo sangu\u00edneo.<\/span><\/li>\n<li><span style=\"color: #000000;\">Expans\u00e3o dos vasos sangu\u00edneos.<\/span><\/li>\n<\/ul>\n<p>[\/vc_column_text][\/vc_column][\/vc_row][vc_row css_animation=&#8221;&#8221; row_type=&#8221;row&#8221; use_row_as_full_screen_section=&#8221;no&#8221; type=&#8221;grid&#8221; angled_section=&#8221;no&#8221; text_align=&#8221;left&#8221; background_image_as_pattern=&#8221;without_pattern&#8221; css=&#8221;.vc_custom_1573129757070{padding-top: 40px !important;padding-bottom: 45px !important;}&#8221; z_index=&#8221;&#8221;][vc_column width=&#8221;1\/2&#8243;][vc_column_text]<\/p>\n<h1 style=\"text-align: center;\"><span style=\"color: #751453;\">REIKI<\/span><\/h1>\n<p>[\/vc_column_text][vc_column_text]<span style=\"color: #000000;\">O Reiki \u00e9 uma terapia complementar que trabalha com a Energia Vital Universal, que \u00e9 a energia que est\u00e1 presente em todo o Universo, dando vida a todas as coisas. A t\u00e9cnica \u00e9 realizada por meio da imposi\u00e7\u00e3o de m\u00e3os em determinados pontos energ\u00e9ticos do corpo, denominados chakras.<\/span>[\/vc_column_text][\/vc_column][vc_column width=&#8221;1\/2&#8243;][vc_column_text]<\/p>\n<p style=\"text-align: center;\"><img loading=\"lazy\" decoding=\"async\" class=\"alignnone wp-image-511\" src=\"https:\/\/evahermann.com.br\/spa\/wp-content\/uploads\/2019\/11\/REIKI.png\" alt=\"\" width=\"420\" height=\"408\" srcset=\"https:\/\/evahermann.com.br\/spa\/wp-content\/uploads\/2019\/11\/REIKI.png 511w, https:\/\/evahermann.com.br\/spa\/wp-content\/uploads\/2019\/11\/REIKI-300x291.png 300w\" sizes=\"auto, (max-width: 420px) 100vw, 420px\" \/><\/p>\n<p>[\/vc_column_text][\/vc_column][\/vc_row][vc_row css_animation=&#8221;&#8221; row_type=&#8221;row&#8221; use_row_as_full_screen_section=&#8221;no&#8221; type=&#8221;grid&#8221; angled_section=&#8221;no&#8221; text_align=&#8221;left&#8221; background_image_as_pattern=&#8221;without_pattern&#8221; css=&#8221;.vc_custom_1573129767504{padding-top: 40px !important;padding-bottom: 45px !important;}&#8221; z_index=&#8221;&#8221;][vc_column width=&#8221;1\/2&#8243;][vc_column_text]<\/p>\n<h1 style=\"text-align: center;\"><span style=\"color: #751453;\">DRENAGEM LINF\u00c1TICA<\/span><\/h1>\n<p>[\/vc_column_text][vc_column_text]<\/p>\n<div class=\"wpb_text_column wpb_content_element \">\n<div class=\"wpb_wrapper\">\n<p><span style=\"color: #000000;\">Est\u00edmulo atrav\u00e9s das m\u00e3os, para descongestionar os linfonodos para absor\u00e7\u00e3o do excesso de l\u00edquido linf\u00e1tico.<\/span><\/p>\n<\/div>\n<\/div>\n<p>[\/vc_column_text][\/vc_column][vc_column width=&#8221;1\/2&#8243;][vc_column_text]<\/p>\n<p style=\"text-align: center;\"><img loading=\"lazy\" decoding=\"async\" class=\"alignnone wp-image-378\" src=\"https:\/\/evahermann.com.br\/spa\/wp-content\/uploads\/2019\/10\/DRENAGEM-LINFATICA1-1024x724.png\" alt=\"\" width=\"450\" height=\"318\" srcset=\"https:\/\/evahermann.com.br\/spa\/wp-content\/uploads\/2019\/10\/DRENAGEM-LINFATICA1-1024x724.png 1024w, https:\/\/evahermann.com.br\/spa\/wp-content\/uploads\/2019\/10\/DRENAGEM-LINFATICA1-1024x724-300x212.png 300w, https:\/\/evahermann.com.br\/spa\/wp-content\/uploads\/2019\/10\/DRENAGEM-LINFATICA1-1024x724-768x543.png 768w, https:\/\/evahermann.com.br\/spa\/wp-content\/uploads\/2019\/10\/DRENAGEM-LINFATICA1-1024x724-700x495.png 700w\" sizes=\"auto, (max-width: 450px) 100vw, 450px\" \/><\/p>\n<p>[\/vc_column_text][\/vc_column][\/vc_row][vc_row css_animation=&#8221;&#8221; row_type=&#8221;row&#8221; use_row_as_full_screen_section=&#8221;no&#8221; type=&#8221;grid&#8221; angled_section=&#8221;no&#8221; text_align=&#8221;left&#8221; background_image_as_pattern=&#8221;without_pattern&#8221; css=&#8221;.vc_custom_1573129772735{padding-top: 45px !important;padding-bottom: 45px !important;}&#8221; z_index=&#8221;&#8221;][vc_column width=&#8221;1\/2&#8243;][vc_column_text]<\/p>\n<p style=\"text-align: center;\"><img loading=\"lazy\" decoding=\"async\" class=\"alignnone wp-image-380\" src=\"https:\/\/evahermann.com.br\/spa\/wp-content\/uploads\/2019\/10\/Cromoterapia1-1024x724.png\" alt=\"\" width=\"450\" height=\"318\" srcset=\"https:\/\/evahermann.com.br\/spa\/wp-content\/uploads\/2019\/10\/Cromoterapia1-1024x724.png 1024w, https:\/\/evahermann.com.br\/spa\/wp-content\/uploads\/2019\/10\/Cromoterapia1-1024x724-300x212.png 300w, https:\/\/evahermann.com.br\/spa\/wp-content\/uploads\/2019\/10\/Cromoterapia1-1024x724-768x543.png 768w, https:\/\/evahermann.com.br\/spa\/wp-content\/uploads\/2019\/10\/Cromoterapia1-1024x724-700x495.png 700w\" sizes=\"auto, (max-width: 450px) 100vw, 450px\" \/><\/p>\n<p>[\/vc_column_text][\/vc_column][vc_column width=&#8221;1\/2&#8243;][vc_column_text]<\/p>\n<h1 style=\"text-align: center;\"><span style=\"color: #751453;\">CROMOTERAPIA<\/span><\/h1>\n<p>[\/vc_column_text][vc_column_text]<\/p>\n<div class=\"wpb_text_column wpb_content_element \">\n<div class=\"wpb_wrapper\">\n<p><span style=\"color: #000000;\">A utiliza\u00e7\u00e3o das cores para reequil\u00edbrio energ\u00e9tico e dos chakras do nosso organismo, trabalhando tanto a parte f\u00edsica e dos \u00f3rg\u00e3os, quanto a parte mental e emocional.<\/span><\/p>\n<\/div>\n<\/div>\n<p>[\/vc_column_text][\/vc_column][\/vc_row][vc_row css_animation=&#8221;&#8221; row_type=&#8221;row&#8221; use_row_as_full_screen_section=&#8221;no&#8221; type=&#8221;grid&#8221; angled_section=&#8221;no&#8221; text_align=&#8221;left&#8221; background_image_as_pattern=&#8221;without_pattern&#8221; css=&#8221;.vc_custom_1573129778038{padding-top: 40px !important;padding-bottom: 45px !important;}&#8221; z_index=&#8221;&#8221;][vc_column width=&#8221;1\/2&#8243;][vc_column_text]<\/p>\n<h1 style=\"text-align: center;\"><span style=\"color: #751453;\">ALIMENTA\u00c7\u00c3O SEM GL\u00daTEM E SEM LACTOSE<\/span><\/h1>\n<p>[\/vc_column_text][vc_empty_space][vc_column_text]<span style=\"color: #000000;\">Nossos pacotes de di\u00e1rias incluem lanches sem gl\u00faten e sem lactose, tendo como base alimentos org\u00e2nicos e naturais.<\/span><\/p>\n<p><span style=\"color: #000000;\">Eliminar o gl\u00faten da dieta provoca a redu\u00e7\u00e3o no grau de inflama\u00e7\u00e3o do organismo. Assim, o metabolismo volta a funcionar normalmente, o que promove a diminui\u00e7\u00e3o da reten\u00e7\u00e3o de l\u00edquidos, perda dr\u00e1stica e r\u00e1pida de peso, correta absor\u00e7\u00e3o dos nutrientes pelo intestino e preven\u00e7\u00e3o de doen\u00e7as n\u00e3o transmiss\u00edveis, como a obesidade e complica\u00e7\u00f5es cardiovasculares&#8221; A dieta sem lactose tem como base os mesmos princ\u00edpios da dieta sem gl\u00faten\u00a0<\/span>[\/vc_column_text][\/vc_column][vc_column width=&#8221;1\/2&#8243;][vc_column_text]<\/p>\n<p style=\"text-align: center;\"><img loading=\"lazy\" decoding=\"async\" class=\"alignnone wp-image-383\" src=\"https:\/\/evahermann.com.br\/spa\/wp-content\/uploads\/2019\/10\/ALIMENTA\u00c7\u00c3O-SEM-GLUTEM-E-SEM-LACTOSE1-1-1024x725.png\" alt=\"\" width=\"450\" height=\"319\" srcset=\"https:\/\/evahermann.com.br\/spa\/wp-content\/uploads\/2019\/10\/ALIMENTA\u00c7\u00c3O-SEM-GLUTEM-E-SEM-LACTOSE1-1-1024x725.png 1024w, https:\/\/evahermann.com.br\/spa\/wp-content\/uploads\/2019\/10\/ALIMENTA\u00c7\u00c3O-SEM-GLUTEM-E-SEM-LACTOSE1-1-1024x725-300x212.png 300w, https:\/\/evahermann.com.br\/spa\/wp-content\/uploads\/2019\/10\/ALIMENTA\u00c7\u00c3O-SEM-GLUTEM-E-SEM-LACTOSE1-1-1024x725-768x544.png 768w, https:\/\/evahermann.com.br\/spa\/wp-content\/uploads\/2019\/10\/ALIMENTA\u00c7\u00c3O-SEM-GLUTEM-E-SEM-LACTOSE1-1-1024x725-700x496.png 700w\" sizes=\"auto, (max-width: 450px) 100vw, 450px\" \/><\/p>\n<p>[\/vc_column_text][\/vc_column][\/vc_row]<\/p>\n<\/div>","protected":false},"excerpt":{"rendered":"<p>[vc_row css_animation=&#8221;&#8221; row_type=&#8221;row&#8221; use_row_as_full_screen_section=&#8221;no&#8221; type=&#8221;full_width&#8221; angled_section=&#8221;no&#8221; text_align=&#8221;left&#8221; background_image_as_pattern=&#8221;without_pattern&#8221;][vc_column][\/vc_column][\/vc_row][vc_row css_animation=&#8221;&#8221; row_type=&#8221;row&#8221; use_row_as_full_screen_section=&#8221;no&#8221; type=&#8221;grid&#8221; angled_section=&#8221;no&#8221; text_align=&#8221;left&#8221; background_image_as_pattern=&#8221;without_pattern&#8221; css=&#8221;.vc_custom_1573129707175{padding-top: 45px !important;padding-bottom: 45px !important;}&#8221; z_index=&#8221;&#8221;][vc_column width=&#8221;1\/2&#8243;][vc_column_text] [\/vc_column_text][\/vc_column][vc_column width=&#8221;1\/2&#8243;][vc_column_text] DIETA DO TIPO SANGU\u00cdNEO [\/vc_column_text][vc_column_text]Seu tipo sangu\u00edneo \u00e9 O, A, B ou AB? Essa informa\u00e7\u00e3o \u00e9 importante para voc\u00ea colocar no&#8230;<\/p>\n","protected":false},"author":3,"featured_media":0,"parent":0,"menu_order":0,"comment_status":"closed","ping_status":"closed","template":"full_width.php","meta":{"footnotes":""},"class_list":["post-165","page","type-page","status-publish","hentry"],"_links":{"self":[{"href":"https:\/\/evahermann.com.br\/spa\/wp-json\/wp\/v2\/pages\/165","targetHints":{"allow":["GET"]}}],"collection":[{"href":"https:\/\/evahermann.com.br\/spa\/wp-json\/wp\/v2\/pages"}],"about":[{"href":"https:\/\/evahermann.com.br\/spa\/wp-json\/wp\/v2\/types\/page"}],"author":[{"embeddable":true,"href":"https:\/\/evahermann.com.br\/spa\/wp-json\/wp\/v2\/users\/3"}],"replies":[{"embeddable":true,"href":"https:\/\/evahermann.com.br\/spa\/wp-json\/wp\/v2\/comments?post=165"}],"version-history":[{"count":36,"href":"https:\/\/evahermann.com.br\/spa\/wp-json\/wp\/v2\/pages\/165\/revisions"}],"predecessor-version":[{"id":540,"href":"https:\/\/evahermann.com.br\/spa\/wp-json\/wp\/v2\/pages\/165\/revisions\/540"}],"wp:attachment":[{"href":"https:\/\/evahermann.com.br\/spa\/wp-json\/wp\/v2\/media?parent=165"}],"curies":[{"name":"wp","href":"https:\/\/api.w.org\/{rel}","templated":true}]}}