{"id":167,"date":"2019-10-09T01:25:56","date_gmt":"2019-10-09T01:25:56","guid":{"rendered":"https:\/\/evahermann.com.br\/spa\/?page_id=167"},"modified":"2019-11-07T13:10:29","modified_gmt":"2019-11-07T13:10:29","slug":"estetica","status":"publish","type":"page","link":"https:\/\/evahermann.com.br\/spa\/estetica\/","title":{"rendered":"EST\u00c9TICA"},"content":{"rendered":"<div class=\"wpb-content-wrapper\"><p>[vc_row css_animation=&#8221;&#8221; row_type=&#8221;row&#8221; use_row_as_full_screen_section=&#8221;no&#8221; type=&#8221;full_width&#8221; angled_section=&#8221;no&#8221; text_align=&#8221;left&#8221; background_image_as_pattern=&#8221;without_pattern&#8221;][vc_column][\/vc_column][\/vc_row][vc_row css_animation=&#8221;&#8221; row_type=&#8221;row&#8221; use_row_as_full_screen_section=&#8221;no&#8221; type=&#8221;grid&#8221; angled_section=&#8221;no&#8221; text_align=&#8221;left&#8221; background_image_as_pattern=&#8221;without_pattern&#8221; css=&#8221;.vc_custom_1572997632229{padding-top: 45px !important;padding-bottom: 45px !important;}&#8221; z_index=&#8221;&#8221;][vc_column width=&#8221;1\/2&#8243;][vc_column_text]<\/p>\n<p style=\"text-align: center;\"><img loading=\"lazy\" decoding=\"async\" class=\"alignnone wp-image-232\" src=\"https:\/\/evahermann.com.br\/spa\/wp-content\/uploads\/2019\/10\/CRIOLIP\u00d3LISE-300x212.png\" alt=\"\" width=\"450\" height=\"318\" srcset=\"https:\/\/evahermann.com.br\/spa\/wp-content\/uploads\/2019\/10\/CRIOLIP\u00d3LISE-300x212.png 300w, https:\/\/evahermann.com.br\/spa\/wp-content\/uploads\/2019\/10\/CRIOLIP\u00d3LISE-768x543.png 768w, https:\/\/evahermann.com.br\/spa\/wp-content\/uploads\/2019\/10\/CRIOLIP\u00d3LISE-1024x724.png 1024w, https:\/\/evahermann.com.br\/spa\/wp-content\/uploads\/2019\/10\/CRIOLIP\u00d3LISE-700x495.png 700w, https:\/\/evahermann.com.br\/spa\/wp-content\/uploads\/2019\/10\/CRIOLIP\u00d3LISE.png 1123w\" sizes=\"auto, (max-width: 450px) 100vw, 450px\" \/><\/p>\n<p>[\/vc_column_text][\/vc_column][vc_column width=&#8221;1\/2&#8243;][vc_column_text]<\/p>\n<h1 style=\"text-align: center;\"><span style=\"color: #7a214e;\">CRIOLIP\u00d3LISE<\/span><\/h1>\n<p>[\/vc_column_text][vc_column_text]<span style=\"color: #000000;\">A criolip\u00f3lise \u00e9 o m\u00e9todo mais recomendado atualmente para eliminar gordura localizada sem agulhas e cirurgias pl\u00e1sticas. O tratamento promove uma destrui\u00e7\u00e3o das c\u00e9lulas de gordura (adip\u00f3citos) atrav\u00e9s do resfriamento controlado.<\/span><\/p>\n<p><span style=\"color: #000000;\">principal indica\u00e7\u00e3o da criolip\u00f3lise \u00e9 redu\u00e7\u00e3o de gordura no abd\u00f4men e no dorso, o famoso pneuzinho, mas outras \u00e1reas tamb\u00e9m podem ser tratadas. &#8220;Existem ponteiras adequadas para todas as regi\u00f5es de ac\u00famulo de gordura. S\u00e3o indicadas de 1 a 3 sess\u00f5es com intervalos m\u00ednimos de 2 meses e m\u00e1ximo de 3 sess\u00f5es por ano por regi\u00e3o.<\/span><\/p>\n<p><span style=\"color: #000000;\">Cada sess\u00e3o dura cerca de uma hora. Cada ponteira abrange, em m\u00e9dia, uma regi\u00e3o de 20 cm quadrados. Os primeiros resultados aparecem entre 6 e 8 semanas ap\u00f3s a aplica\u00e7\u00e3o, sendo que a gordura continua a ser eliminada por at\u00e9 quatro meses, dependendo do organismo de cada paciente. A redu\u00e7\u00e3o esperada da quantidade de gordura \u00e9 de 18% a 33% por \u00e1rea tratada.<\/span>[\/vc_column_text][\/vc_column][\/vc_row][vc_row css_animation=&#8221;&#8221; row_type=&#8221;row&#8221; use_row_as_full_screen_section=&#8221;no&#8221; type=&#8221;grid&#8221; angled_section=&#8221;no&#8221; text_align=&#8221;left&#8221; background_image_as_pattern=&#8221;without_pattern&#8221; css=&#8221;.vc_custom_1572997645630{padding-top: 45px !important;padding-bottom: 45px !important;}&#8221; z_index=&#8221;&#8221;][vc_column width=&#8221;1\/2&#8243;][vc_column_text]<\/p>\n<h1 style=\"text-align: center;\"><span style=\"color: #7a214e;\">DOME INVEL<\/span><\/h1>\n<p>[\/vc_column_text][vc_column_text]<span style=\"color: #000000;\">O Dome Invel Corporal \u00e9 um aparelho de alta tecnologia japonesa, emissor de infravermelho longo, que produz benef\u00edcios em todo o organismo.<\/span><\/p>\n<p><span style=\"color: #000000;\"><strong>Benef\u00edcios:<\/strong><\/span><\/p>\n<ul>\n<li><span style=\"color: #000000;\">Libera\u00e7\u00e3o de toxinas e impurezas,<\/span><\/li>\n<li><span style=\"color: #000000;\">Elimina\u00e7\u00e3o de gorduras e celulite,<\/span><\/li>\n<li><span style=\"color: #000000;\">Melhora a auto-estima,<\/span><\/li>\n<li><span style=\"color: #000000;\">Preven\u00e7\u00e3o de doen\u00e7as,<\/span><\/li>\n<li><span style=\"color: #000000;\">Incremento na renova\u00e7\u00e3o celular,<\/span><\/li>\n<li><span style=\"color: #000000;\">Atenua o envelhecimento,<\/span><\/li>\n<li><span style=\"color: #000000;\">Est\u00edmulo na oxigena\u00e7\u00e3o,<\/span><\/li>\n<li><span style=\"color: #000000;\">Melhora das inflama\u00e7\u00f5es e infec\u00e7\u00f5es,<\/span><\/li>\n<li><span style=\"color: #000000;\">Al\u00edvio das dores musculares,<\/span><\/li>\n<li><span style=\"color: #000000;\">Ativa\u00e7\u00e3o do fluxo sangu\u00edneo,<\/span><\/li>\n<li><span style=\"color: #000000;\">Expans\u00e3o dos vasos sangu\u00edneos<\/span><\/li>\n<\/ul>\n<p>[\/vc_column_text][\/vc_column][vc_column width=&#8221;1\/2&#8243;][vc_column_text]<\/p>\n<p style=\"text-align: center;\"><img loading=\"lazy\" decoding=\"async\" class=\"alignnone wp-image-513\" src=\"https:\/\/evahermann.com.br\/spa\/wp-content\/uploads\/2019\/11\/DOME-2.png\" alt=\"\" width=\"390\" height=\"372\" srcset=\"https:\/\/evahermann.com.br\/spa\/wp-content\/uploads\/2019\/11\/DOME-2.png 559w, https:\/\/evahermann.com.br\/spa\/wp-content\/uploads\/2019\/11\/DOME-2-300x286.png 300w\" sizes=\"auto, (max-width: 390px) 100vw, 390px\" \/><\/p>\n<p>[\/vc_column_text][\/vc_column][\/vc_row][vc_row css_animation=&#8221;&#8221; row_type=&#8221;row&#8221; use_row_as_full_screen_section=&#8221;no&#8221; type=&#8221;grid&#8221; angled_section=&#8221;no&#8221; text_align=&#8221;left&#8221; background_image_as_pattern=&#8221;without_pattern&#8221; css=&#8221;.vc_custom_1572997652663{padding-bottom: 45px !important;}&#8221; z_index=&#8221;&#8221;][vc_column width=&#8221;1\/2&#8243;][vc_column_text]<\/p>\n<p style=\"text-align: center;\"><img loading=\"lazy\" decoding=\"async\" class=\"alignnone wp-image-239 size-full\" src=\"https:\/\/evahermann.com.br\/spa\/wp-content\/uploads\/2019\/10\/Talassoterapia.png\" alt=\"\" width=\"1123\" height=\"794\" srcset=\"https:\/\/evahermann.com.br\/spa\/wp-content\/uploads\/2019\/10\/Talassoterapia.png 1123w, https:\/\/evahermann.com.br\/spa\/wp-content\/uploads\/2019\/10\/Talassoterapia-300x212.png 300w, https:\/\/evahermann.com.br\/spa\/wp-content\/uploads\/2019\/10\/Talassoterapia-768x543.png 768w, https:\/\/evahermann.com.br\/spa\/wp-content\/uploads\/2019\/10\/Talassoterapia-1024x724.png 1024w, https:\/\/evahermann.com.br\/spa\/wp-content\/uploads\/2019\/10\/Talassoterapia-700x495.png 700w\" sizes=\"auto, (max-width: 1123px) 100vw, 1123px\" \/><\/p>\n<p>[\/vc_column_text][\/vc_column][vc_column width=&#8221;1\/2&#8243;][vc_column_text]<\/p>\n<h1 style=\"text-align: center;\"><span style=\"color: #7a214e;\">TALASSOTERAPIA<\/span><\/h1>\n<p>[\/vc_column_text][vc_column_text]<span style=\"color: #000000;\">Baseia se nas propriedades marinhas de elementos como a \u00e1gua do mar, as algas, o barro, a brisa mar\u00edtima e a areia para obter resultados terap\u00eauticos de diversa ordem.<\/span><\/p>\n<p><span style=\"color: #000000;\">Entre os benef\u00edcios est\u00e3o:<\/span><\/p>\n<ul>\n<li><span style=\"color: #000000;\">Aumento da permeabilidade cut\u00e2nea.<\/span><\/li>\n<li><span style=\"color: #000000;\">As suas caracter\u00edsticas i\u00f4nicas facilitam a penetra\u00e7\u00e3o de ativos cosm\u00e9ticos.<\/span><\/li>\n<li><span style=\"color: #000000;\">Regula as fun\u00e7\u00f5es org\u00e2nicas atrav\u00e9s do sistema neuroend\u00f3crino por a\u00e7\u00e3o\u00a0 catal\u00edtica como cofator enzim\u00e1tico.<\/span><\/li>\n<li><span style=\"color: #000000;\">Relaxa a musculatura tensa e crispada transmitindo um aspecto descansado a pele.<\/span><\/li>\n<li><span style=\"color: #000000;\">Tende a normalizar a secre\u00e7\u00e3o seborreica.<\/span><\/li>\n<li><span style=\"color: #000000;\">Reduz a hiperidrose (transpira\u00e7\u00e3o excessiva)<\/span><\/li>\n<li><span style=\"color: #000000;\">Promove uma remineraliza\u00e7\u00e3o org\u00e2nica.<\/span><\/li>\n<li><span style=\"color: #000000;\">Acelera o metabolismo e estimula a circula\u00e7\u00e3o sangu\u00ednea.<\/span><\/li>\n<\/ul>\n<p>[\/vc_column_text][\/vc_column][\/vc_row][vc_row css_animation=&#8221;&#8221; row_type=&#8221;row&#8221; use_row_as_full_screen_section=&#8221;no&#8221; type=&#8221;grid&#8221; angled_section=&#8221;no&#8221; text_align=&#8221;left&#8221; background_image_as_pattern=&#8221;without_pattern&#8221; css=&#8221;.vc_custom_1572997645630{padding-top: 45px !important;padding-bottom: 45px !important;}&#8221; z_index=&#8221;&#8221;][vc_column width=&#8221;1\/2&#8243;][vc_column_text]<\/p>\n<h1 style=\"text-align: center;\"><span style=\"color: #7a214e;\">BANHO DE HIDROZONIOTERAPIA<\/span><\/h1>\n<p>[\/vc_column_text][vc_column_text]<span style=\"color: #000000;\">O banho de oz\u00f4nio proporciona uma oxigena\u00e7\u00e3o que favorece o combate \u00e0 a\u00e7\u00e3o de radicais livres, um dos principais causadores do envelhecimento precoce. Este banho atua como um revitalizador dos tecidos, proporcionando rejuvenescimento e contribuindo para o reequil\u00edbrio org\u00e2nico.<\/span><\/p>\n<p><span style=\"color: #000000;\">Com este banho terap\u00eautico \u00e9 poss\u00edvel melhorar o metabolismo, elevar a reprodu\u00e7\u00e3o celular e promover a autocura, pois o oz\u00f4nio tem o poder de ativar as defesas naturais do organismo.<\/span><\/p>\n<p><span style=\"color: #000000;\">O banho com oz\u00f4nio tem ainda a\u00e7\u00e3o bactericida e cicatrizante, deixando a pele macia, oxigenada, descongestionada, livre de toxinas e impurezas.<\/span><\/p>\n<p><span style=\"color: #000000;\">Principais benef\u00edcios:<\/span><\/p>\n<ul>\n<li><span style=\"color: #000000;\">Promove o rejuvenescimento celular.<\/span><\/li>\n<li><span style=\"color: #000000;\">Contribui para a oxigena\u00e7\u00e3o cut\u00e2nea.<\/span><\/li>\n<li><span style=\"color: #000000;\">Ajuda a ativar a circula\u00e7\u00e3o sangu\u00ednea.<\/span><\/li>\n<li><span style=\"color: #000000;\">Favorece o combate \u00e0 celulite.<\/span><\/li>\n<li><span style=\"color: #000000;\">\u00c9 indicado como coadjuvante em pr\u00e9 e p\u00f3s-cir\u00fargico de pl\u00e1stica e lipoaspira\u00e7\u00e3o.<\/span><\/li>\n<li><span style=\"color: #000000;\">Favorece a diminui\u00e7\u00e3o de edemas.<\/span><\/li>\n<li><span style=\"color: #000000;\">Promove relaxamento muscular.<\/span><\/li>\n<li><span style=\"color: #000000;\">Ajuda no controle e al\u00edvio de ansiedade, ins\u00f4nia e depress\u00e3o.<\/span><\/li>\n<li><span style=\"color: #000000;\">Anteceder tratamentos est\u00e9ticos<\/span><\/li>\n<\/ul>\n<p>[\/vc_column_text][\/vc_column][vc_column width=&#8221;1\/2&#8243;][vc_column_text]<\/p>\n<p style=\"text-align: center;\"><img loading=\"lazy\" decoding=\"async\" class=\"alignnone wp-image-403\" src=\"https:\/\/evahermann.com.br\/spa\/wp-content\/uploads\/2019\/11\/banho.png\" alt=\"\" width=\"400\" height=\"362\" srcset=\"https:\/\/evahermann.com.br\/spa\/wp-content\/uploads\/2019\/11\/banho.png 470w, https:\/\/evahermann.com.br\/spa\/wp-content\/uploads\/2019\/11\/banho-300x271.png 300w\" sizes=\"auto, (max-width: 400px) 100vw, 400px\" \/><\/p>\n<p>[\/vc_column_text][\/vc_column][\/vc_row][vc_row css_animation=&#8221;&#8221; row_type=&#8221;row&#8221; use_row_as_full_screen_section=&#8221;no&#8221; type=&#8221;grid&#8221; angled_section=&#8221;no&#8221; text_align=&#8221;left&#8221; background_image_as_pattern=&#8221;without_pattern&#8221; css=&#8221;.vc_custom_1572997659364{padding-top: 45px !important;padding-bottom: 45px !important;}&#8221; z_index=&#8221;&#8221;][vc_column width=&#8221;1\/2&#8243;][vc_column_text]<\/p>\n<p style=\"text-align: center;\"><img loading=\"lazy\" decoding=\"async\" class=\"alignnone wp-image-240\" src=\"https:\/\/evahermann.com.br\/spa\/wp-content\/uploads\/2019\/10\/ultrasonfocado-300x212.png\" alt=\"\" width=\"450\" height=\"318\" srcset=\"https:\/\/evahermann.com.br\/spa\/wp-content\/uploads\/2019\/10\/ultrasonfocado-300x212.png 300w, https:\/\/evahermann.com.br\/spa\/wp-content\/uploads\/2019\/10\/ultrasonfocado-768x543.png 768w, https:\/\/evahermann.com.br\/spa\/wp-content\/uploads\/2019\/10\/ultrasonfocado-1024x724.png 1024w, https:\/\/evahermann.com.br\/spa\/wp-content\/uploads\/2019\/10\/ultrasonfocado-700x495.png 700w, https:\/\/evahermann.com.br\/spa\/wp-content\/uploads\/2019\/10\/ultrasonfocado.png 1123w\" sizes=\"auto, (max-width: 450px) 100vw, 450px\" \/><\/p>\n<p>[\/vc_column_text][\/vc_column][vc_column width=&#8221;1\/2&#8243;][vc_column_text]<\/p>\n<h1 style=\"text-align: center;\"><span style=\"color: #7a214e;\">ULTRASSOM FOCADO DE ALTA POT\u00caNCIA<\/span><\/h1>\n<p>[\/vc_column_text][vc_column_text]<span style=\"color: #000000;\">O ultrassom focado \u00e9 indicado para o tratamento corporal com redu\u00e7\u00e3o de medidas, gordura localizada e celulite garantindo o remodelamento corporal, e para o tratamento facial reduzindo linhas de express\u00e3o, rugas e flacidez de pele, gerando o efeito de rejuvenescimento. O ultrassom focado age produzindo o efeito mec\u00e2nico ou cavitacional e o efeito t\u00e9rmico.<\/span><\/p>\n<p><span style=\"color: #000000;\">Efeito t\u00e9rmico: A alta intensidade energ\u00e9tica no ponto focal eleva a temperatura acima de 56\u00baC, resultando em necrose, coagula\u00e7\u00e3o e morte celular quase imediata dentro da zona alvo, na ordem de mil\u00edmetros, mas sem danos para os tecidos circunvizinhos (pele, vasos linf\u00e1ticos e sangu\u00edneos, m\u00fasculos e nervos).<\/span><\/p>\n<p><span style=\"color: #000000;\">Ap\u00f3s o tratamento com o ultrassom, as c\u00e9lulas mortas induzem a uma resposta de repara\u00e7\u00e3o, e atraem os macr\u00f3fagos (junto com outras c\u00e9lulas), onde fagocitam e transportam lip\u00eddios e restos celulares para longe da \u00e1rea de tratamento.<\/span>[\/vc_column_text][\/vc_column][\/vc_row][vc_row css_animation=&#8221;&#8221; row_type=&#8221;row&#8221; use_row_as_full_screen_section=&#8221;no&#8221; type=&#8221;grid&#8221; angled_section=&#8221;no&#8221; text_align=&#8221;left&#8221; background_image_as_pattern=&#8221;without_pattern&#8221; css=&#8221;.vc_custom_1573092773000{padding-top: 45px !important;padding-bottom: 45px !important;}&#8221; z_index=&#8221;&#8221;][vc_column width=&#8221;1\/2&#8243;][vc_column_text]<\/p>\n<h1 style=\"text-align: center;\"><span style=\"color: #7a214e;\">ULTRASSOM MANTHUS<\/span><\/h1>\n<p>[\/vc_column_text][vc_column_text]<span style=\"color: #000000;\">Este equipamento trabalha com as chamadas terapias combinadas, constitu\u00eddas por um potente emissor de ultrassom, associado a um gerador de est\u00edmulos el\u00e9tricos e correntes polarizadas com grande penetra\u00e7\u00e3o. As correntes estereodin\u00e2micas aceleram o sistema linf\u00e1tico, diminuindo a c\u00e9lula de gordura e as toxinas que foram expulsas com a realiza\u00e7\u00e3o do ultrassom. As correntes polarizadas permitem que o aparelho realize a introdu\u00e7\u00e3o de princ\u00edpios ativos espec\u00edficos para redu\u00e7\u00e3o de gordura localizada, celulite e flacidez de pele.<\/span><\/p>\n<p><span style=\"color: #000000;\">Indicado para :<\/span><\/p>\n<ul>\n<li style=\"list-style-type: none;\">\n<ul>\n<li><span style=\"color: #000000;\">Gordura localizada;<\/span><\/li>\n<li><span style=\"color: #000000;\">Flacidez de pele;<\/span><\/li>\n<li><span style=\"color: #000000;\">Celulite de todos os graus;<\/span><\/li>\n<li><span style=\"color: #000000;\">Ap\u00f3s hidrolipoclasia;(quebra da gordura).<\/span><\/li>\n<li><span style=\"color: #000000;\">P\u00f3s-operat\u00f3rio de cirurgia pl\u00e1stica.<\/span><\/li>\n<\/ul>\n<\/li>\n<\/ul>\n<p>[\/vc_column_text][\/vc_column][vc_column width=&#8221;1\/2&#8243;][vc_column_text]<\/p>\n<p style=\"text-align: center;\"><img loading=\"lazy\" decoding=\"async\" class=\"alignnone wp-image-408 size-full\" src=\"https:\/\/evahermann.com.br\/spa\/wp-content\/uploads\/2019\/11\/manthus.png\" alt=\"\" width=\"332\" height=\"289\" srcset=\"https:\/\/evahermann.com.br\/spa\/wp-content\/uploads\/2019\/11\/manthus.png 332w, https:\/\/evahermann.com.br\/spa\/wp-content\/uploads\/2019\/11\/manthus-300x261.png 300w\" sizes=\"auto, (max-width: 332px) 100vw, 332px\" \/><\/p>\n<p>[\/vc_column_text][\/vc_column][\/vc_row][vc_row css_animation=&#8221;&#8221; row_type=&#8221;row&#8221; use_row_as_full_screen_section=&#8221;no&#8221; type=&#8221;grid&#8221; angled_section=&#8221;no&#8221; text_align=&#8221;left&#8221; background_image_as_pattern=&#8221;without_pattern&#8221; css=&#8221;.vc_custom_1572997665105{padding-bottom: 45px !important;}&#8221; z_index=&#8221;&#8221;][vc_column width=&#8221;1\/2&#8243;][vc_column_text]<\/p>\n<p style=\"text-align: center;\"><img loading=\"lazy\" decoding=\"async\" class=\"alignnone wp-image-244\" src=\"https:\/\/evahermann.com.br\/spa\/wp-content\/uploads\/2019\/10\/radiofrequencia-300x212.png\" alt=\"\" width=\"450\" height=\"318\" srcset=\"https:\/\/evahermann.com.br\/spa\/wp-content\/uploads\/2019\/10\/radiofrequencia-300x212.png 300w, https:\/\/evahermann.com.br\/spa\/wp-content\/uploads\/2019\/10\/radiofrequencia-768x543.png 768w, https:\/\/evahermann.com.br\/spa\/wp-content\/uploads\/2019\/10\/radiofrequencia-1024x724.png 1024w, https:\/\/evahermann.com.br\/spa\/wp-content\/uploads\/2019\/10\/radiofrequencia-700x495.png 700w, https:\/\/evahermann.com.br\/spa\/wp-content\/uploads\/2019\/10\/radiofrequencia.png 1123w\" sizes=\"auto, (max-width: 450px) 100vw, 450px\" \/><\/p>\n<p>[\/vc_column_text][\/vc_column][vc_column width=&#8221;1\/2&#8243;][vc_column_text]<\/p>\n<h1 style=\"text-align: center;\"><span style=\"color: #7a214e;\">RADIOFREQU\u00caNCIA<\/span><\/h1>\n<p>[\/vc_column_text][vc_column_text]<span style=\"color: #000000;\">Radiofrequ\u00eancia \u00e9 um tratamento est\u00e9tico utilizado no combate \u00e0 flacidez do rosto ou do corpo, rugas, linhas de express\u00e3o, gordura localizada, celulite e estrias.<\/span><\/p>\n<p><span style=\"color: #000000;\">Como funciona a radiofrequ\u00eancia?<\/span><\/p>\n<p><span style=\"color: #000000;\">O aparelho eleva a temperatura da pele e do m\u00fasculo para aproximadamente 41\u00baC e isto acelera e contrai o col\u00e1geno existente e tamb\u00e9m aumenta \u00e1 produ\u00e7\u00e3o de mais fibras de col\u00e1geno, dando mais sustenta\u00e7\u00e3o e firmeza \u00e0 pele. Os resultados podem ser observados logo na primeira sess\u00e3o e o resultado \u00e9 progressivo.<\/span><\/p>\n<p><span style=\"color: #000000;\">A radiofrequ\u00eancia serve para:<\/span><\/p>\n<ul>\n<li><span style=\"color: #000000;\">Diminuir as rugas<\/span><\/li>\n<li><span style=\"color: #000000;\">Melhorar a apar\u00eancia da pele<\/span><\/li>\n<li><span style=\"color: #000000;\">Melhorar a qualidade do col\u00e1geno e da elastina;<\/span><\/li>\n<li><span style=\"color: #000000;\">Reorganizar as fibras de col\u00e1geno e elastina;<\/span><\/li>\n<li><span style=\"color: #000000;\">Melhorar a microcircula\u00e7\u00e3o;<\/span><\/li>\n<li><span style=\"color: #000000;\">Melhorar a hidrata\u00e7\u00e3o da pele;<\/span><\/li>\n<li><span style=\"color: #000000;\">Aumenta a oxigena\u00e7\u00e3o;<\/span><\/li>\n<li><span style=\"color: #000000;\">Acelerar a elimina\u00e7\u00e3o de toxinas;<\/span><\/li>\n<li><span style=\"color: #000000;\">Reduzir celulite;<\/span><\/li>\n<li><span style=\"color: #000000;\">Combater estrias e fibroses;<\/span><\/li>\n<li><span style=\"color: #000000;\">Melhorar o aspecto das cicatrizes;<\/span><\/li>\n<li><span style=\"color: #000000;\">Combater a gordura localizada na barriga, culote, flancos, bra\u00e7os, papada;<\/span><\/li>\n<li><span style=\"color: #000000;\">Combater a flacidez em qualquer \u00e1rea do corpo;<\/span><\/li>\n<li><span style=\"color: #000000;\">Combater a celulite por melhorar a firmeza da pele.<\/span><\/li>\n<\/ul>\n<p>[\/vc_column_text][\/vc_column][\/vc_row][vc_row css_animation=&#8221;&#8221; row_type=&#8221;row&#8221; use_row_as_full_screen_section=&#8221;no&#8221; type=&#8221;grid&#8221; angled_section=&#8221;no&#8221; text_align=&#8221;left&#8221; background_image_as_pattern=&#8221;without_pattern&#8221; css=&#8221;.vc_custom_1573092773000{padding-top: 45px !important;padding-bottom: 45px !important;}&#8221; z_index=&#8221;&#8221;][vc_column width=&#8221;1\/2&#8243;][vc_column_text]<\/p>\n<h1 style=\"text-align: center;\"><span style=\"color: #7a214e;\">PLATAFORMA VIBRAT\u00d3RIA<\/span><\/h1>\n<p>[\/vc_column_text][vc_column_text]<span style=\"color: #000000;\">A plataforma vibrat\u00f3ria \u00e9 um equipamento utilizado para<\/span><br \/>\n<span style=\"color: #000000;\">aumentar a queima de gordura localizada, acabar com a<\/span><br \/>\n<span style=\"color: #000000;\">celulite, desenhar as curvas e afinar a silhueta. As<\/span><br \/>\n<span style=\"color: #000000;\">plataformas ajudam a fortalecer a musculatura atrav\u00e9s de<\/span><br \/>\n<span style=\"color: #000000;\">treinos pequenos e sem a utiliza\u00e7\u00e3o de pesos.<\/span><br \/>\n<span style=\"color: #000000;\">Antes de saber um pouco mais sobre o aparelho aqui vai<\/span><br \/>\n<span style=\"color: #000000;\">uma dica: n\u00e3o fique adepto apenas desta m\u00e1quina, um<\/span><br \/>\n<span style=\"color: #000000;\">corpo n\u00e3o vira saud\u00e1vel apenas com isso. A pr\u00e1tica de<\/span><br \/>\n<span style=\"color: #000000;\">outras atividades como a ioga e ter uma alimenta\u00e7\u00e3o<\/span><br \/>\n<span style=\"color: #000000;\">saud\u00e1vel s\u00e3o fundamentais para emagrecer e manter o seu<\/span><br \/>\n<span style=\"color: #000000;\">corpo em forma.<\/span><br \/>\n<span style=\"color: #000000;\">O aparelho provoca uma varia\u00e7\u00e3o de velocidade que acaba<\/span><br \/>\n<span style=\"color: #000000;\">gerando um desequil\u00edbrio no indiv\u00edduo que est\u00e1 usando-o.<\/span><br \/>\n<span style=\"color: #000000;\">A vibra\u00e7\u00e3o causada pelo aparelho causa um aumento da<\/span><br \/>\n<span style=\"color: #000000;\">carga gravitacional, fazendo com que voc\u00ea tenha a<\/span><br \/>\n<span style=\"color: #000000;\">impress\u00e3o de que a gravidade aumenta, mas o que<\/span><br \/>\n<span style=\"color: #000000;\">acontece de fato \u00e9 a soma da acelera\u00e7\u00e3o da plataforma<\/span><br \/>\n<span style=\"color: #000000;\">com a da gravidade. Tudo isso resulta no recrutamento dos<\/span><br \/>\n<span style=\"color: #000000;\">m\u00fasculos.<\/span>[\/vc_column_text][\/vc_column][vc_column width=&#8221;1\/2&#8243;][vc_column_text]<\/p>\n<p style=\"text-align: center;\"><img loading=\"lazy\" decoding=\"async\" class=\"alignnone size-full wp-image-413\" src=\"https:\/\/evahermann.com.br\/spa\/wp-content\/uploads\/2019\/11\/Plataforma.png\" alt=\"\" width=\"1123\" height=\"794\" srcset=\"https:\/\/evahermann.com.br\/spa\/wp-content\/uploads\/2019\/11\/Plataforma.png 1123w, https:\/\/evahermann.com.br\/spa\/wp-content\/uploads\/2019\/11\/Plataforma-300x212.png 300w, https:\/\/evahermann.com.br\/spa\/wp-content\/uploads\/2019\/11\/Plataforma-768x543.png 768w, https:\/\/evahermann.com.br\/spa\/wp-content\/uploads\/2019\/11\/Plataforma-1024x724.png 1024w, https:\/\/evahermann.com.br\/spa\/wp-content\/uploads\/2019\/11\/Plataforma-700x495.png 700w\" sizes=\"auto, (max-width: 1123px) 100vw, 1123px\" \/><\/p>\n<p>[\/vc_column_text][\/vc_column][\/vc_row][vc_row css_animation=&#8221;&#8221; row_type=&#8221;row&#8221; use_row_as_full_screen_section=&#8221;no&#8221; type=&#8221;grid&#8221; angled_section=&#8221;no&#8221; text_align=&#8221;left&#8221; background_image_as_pattern=&#8221;without_pattern&#8221; css=&#8221;.vc_custom_1572997665105{padding-bottom: 45px !important;}&#8221; z_index=&#8221;&#8221;][vc_column width=&#8221;1\/2&#8243;][vc_column_text]<\/p>\n<p style=\"text-align: center;\"><img loading=\"lazy\" decoding=\"async\" class=\"alignnone size-full wp-image-415\" src=\"https:\/\/evahermann.com.br\/spa\/wp-content\/uploads\/2019\/11\/ESTIMULA\u00c7\u00c3O-RUSSA.png\" alt=\"\" width=\"1123\" height=\"794\" srcset=\"https:\/\/evahermann.com.br\/spa\/wp-content\/uploads\/2019\/11\/ESTIMULA\u00c7\u00c3O-RUSSA.png 1123w, https:\/\/evahermann.com.br\/spa\/wp-content\/uploads\/2019\/11\/ESTIMULA\u00c7\u00c3O-RUSSA-300x212.png 300w, https:\/\/evahermann.com.br\/spa\/wp-content\/uploads\/2019\/11\/ESTIMULA\u00c7\u00c3O-RUSSA-768x543.png 768w, https:\/\/evahermann.com.br\/spa\/wp-content\/uploads\/2019\/11\/ESTIMULA\u00c7\u00c3O-RUSSA-1024x724.png 1024w, https:\/\/evahermann.com.br\/spa\/wp-content\/uploads\/2019\/11\/ESTIMULA\u00c7\u00c3O-RUSSA-700x495.png 700w\" sizes=\"auto, (max-width: 1123px) 100vw, 1123px\" \/><\/p>\n<p>[\/vc_column_text][\/vc_column][vc_column width=&#8221;1\/2&#8243;][vc_column_text]<\/p>\n<h1 style=\"text-align: center;\"><span style=\"color: #7a214e;\">ESTIMULA\u00c7\u00c3O RUSSA<\/span><\/h1>\n<p>[\/vc_column_text][vc_column_text]<span style=\"color: #000000;\">Seu funcionamento \u00e9 muito simples. O aparelho utilizado na t\u00e9cnica emite uma corrente el\u00e9trica de baixa frequ\u00eancia, baixa voltagem e pequena intensidade. Ao entrar em contato com a pele, o est\u00edmulo el\u00e9trico reduz medidas e promove a regenera\u00e7\u00e3o celular, al\u00e9m de ser uma op\u00e7\u00e3o para o p\u00f3s operat\u00f3rio de cirurgia est\u00e9tica ou reparadora.<\/span><\/p>\n<p><span style=\"color: #000000;\">Existem v\u00e1rios efeitos relacionados ao sua utiliza\u00e7\u00e3o. A Corrente Russa tem como benef\u00edcios:<\/span><\/p>\n<ul>\n<li><span style=\"color: #000000;\">Fortalece o abd\u00f4men em mulheres em per\u00edodo p\u00f3s-parto ou n\u00e3o,<\/span><\/li>\n<li><span style=\"color: #000000;\">Fortalece o abd\u00f4men de homens que est\u00e3o em evolu\u00e7\u00e3o de massa<\/span><\/li>\n<li><span style=\"color: #000000;\">Ajuda a combater a flacidez cut\u00e2nea e muscular em geral.<\/span><\/li>\n<li><span style=\"color: #000000;\">Possibilita trabalhar tanto as fibras musculares vermelhas que s\u00e3o as de tonicidade e for\u00e7a quanto as fibras brancas de velocidade e pode ser usado por homens e mulheres em diferentes regi\u00f5es do corpo como, gl\u00fateos, abdome, coxas, bra\u00e7os dependendo da finalidade do tratamento.<\/span><\/li>\n<li><span style=\"color: #000000;\">\u00c9 respons\u00e1vel por fortalecer, tamb\u00e9m, os m\u00fasculos do abd\u00f4men, cochas, bra\u00e7os, pernas e gl\u00fateos, o que lhe confere melhor apar\u00eancia e autoestima.<\/span><\/li>\n<li><span style=\"color: #000000;\">A combina\u00e7\u00e3o das t\u00e9cnicas de Corrente Russa e Carboxiterapia garante excelentes resultados no tratamento da flacidez.<\/span><\/li>\n<li><span style=\"color: #000000;\">A corrente russa \u00e9 interessante pois pode ser usada mesmo por pessoas que n\u00e3o pratique atividade f\u00edsica embora aconselhamos n\u00e3o deixar de faz\u00ea-lo pois os benef\u00edcios desta atividade s\u00e3o imprescind\u00edveis para a sa\u00fade, assim como pode ser feitas por atletas para potencializar o est\u00edmulo \u00e1s fibras musculares o fluxo sangu\u00edneo e o sistema linf\u00e1tico.<\/span><\/li>\n<\/ul>\n<p>[\/vc_column_text][\/vc_column][\/vc_row][vc_row css_animation=&#8221;&#8221; row_type=&#8221;row&#8221; use_row_as_full_screen_section=&#8221;no&#8221; type=&#8221;grid&#8221; angled_section=&#8221;no&#8221; text_align=&#8221;left&#8221; background_image_as_pattern=&#8221;without_pattern&#8221; css=&#8221;.vc_custom_1573092773000{padding-top: 45px !important;padding-bottom: 45px !important;}&#8221; z_index=&#8221;&#8221;][vc_column width=&#8221;1\/2&#8243;][vc_column_text]<\/p>\n<h1 style=\"text-align: center;\"><span style=\"color: #7a214e;\">CARBOXITERAPIA<\/span><\/h1>\n<p>[\/vc_column_text][vc_column_text]<span style=\"color: #000000;\">A carboxiterapia \u00e9 um tratamento est\u00e9tico realizado atrav\u00e9s da infus\u00e3o de g\u00e1s carb\u00f4nico em diferentes camadas da pele, promovendo uma melhor oxigena\u00e7\u00e3o, uma melhor circula\u00e7\u00e3o sangu\u00ednea e o est\u00edmulo do metabolismo celular sem agredir o organismo.<\/span><\/p>\n<p><span style=\"color: #000000;\">A carboxiterapia \u00e9 indicada para o tratamento de Estrias, Celulite, Flacidez, Gordura Localizada e Olheiras. A carboxiterapia tamb\u00e9m promove o aumento do fluxo sangu\u00edneo local, favorece a produ\u00e7\u00e3o de col\u00e1geno, acelera o metabolismo local, melhora o aspecto e diminui o tamanho de cicatrizes, favorece a queima da gordura e desfaz os n\u00f3dulos de celulite.<\/span>[\/vc_column_text][\/vc_column][vc_column width=&#8221;1\/2&#8243;][vc_column_text]<\/p>\n<p style=\"text-align: center;\"><img loading=\"lazy\" decoding=\"async\" class=\"alignnone size-full wp-image-417\" src=\"https:\/\/evahermann.com.br\/spa\/wp-content\/uploads\/2019\/11\/CARBO.png\" alt=\"\" width=\"340\" height=\"338\" srcset=\"https:\/\/evahermann.com.br\/spa\/wp-content\/uploads\/2019\/11\/CARBO.png 340w, https:\/\/evahermann.com.br\/spa\/wp-content\/uploads\/2019\/11\/CARBO-150x150.png 150w, https:\/\/evahermann.com.br\/spa\/wp-content\/uploads\/2019\/11\/CARBO-300x298.png 300w\" sizes=\"auto, (max-width: 340px) 100vw, 340px\" \/><\/p>\n<p>[\/vc_column_text][\/vc_column][\/vc_row][vc_row css_animation=&#8221;&#8221; row_type=&#8221;row&#8221; use_row_as_full_screen_section=&#8221;no&#8221; type=&#8221;grid&#8221; angled_section=&#8221;no&#8221; text_align=&#8221;left&#8221; background_image_as_pattern=&#8221;without_pattern&#8221; css=&#8221;.vc_custom_1573093793873{padding-top: 46px !important;padding-bottom: 45px !important;}&#8221; z_index=&#8221;&#8221;][vc_column width=&#8221;1\/2&#8243;][vc_column_text]<\/p>\n<p style=\"text-align: center;\"><img loading=\"lazy\" decoding=\"async\" class=\"alignnone wp-image-419\" src=\"https:\/\/evahermann.com.br\/spa\/wp-content\/uploads\/2019\/11\/ESFOLIACAO.png\" alt=\"\" width=\"350\" height=\"354\" srcset=\"https:\/\/evahermann.com.br\/spa\/wp-content\/uploads\/2019\/11\/ESFOLIACAO.png 400w, https:\/\/evahermann.com.br\/spa\/wp-content\/uploads\/2019\/11\/ESFOLIACAO-296x300.png 296w\" sizes=\"auto, (max-width: 350px) 100vw, 350px\" \/><\/p>\n<p>[\/vc_column_text][\/vc_column][vc_column width=&#8221;1\/2&#8243;][vc_column_text]<\/p>\n<h1 style=\"text-align: center;\"><span style=\"color: #7a214e;\">ESFOLIA\u00c7\u00c3O CORPORAL<\/span><\/h1>\n<p>[\/vc_column_text][vc_column_text]<span style=\"color: #000000;\">Sabonete esfoliante para retirada de excesso de c\u00e9lulas mortas do organismo, <\/span><span style=\"color: #000000;\">promovendo uma renova\u00e7\u00e3o da camada mais superficial da pele.<\/span>[\/vc_column_text][\/vc_column][\/vc_row][vc_row css_animation=&#8221;&#8221; row_type=&#8221;row&#8221; use_row_as_full_screen_section=&#8221;no&#8221; type=&#8221;grid&#8221; angled_section=&#8221;no&#8221; text_align=&#8221;left&#8221; background_image_as_pattern=&#8221;without_pattern&#8221; css=&#8221;.vc_custom_1573092773000{padding-top: 45px !important;padding-bottom: 45px !important;}&#8221; z_index=&#8221;&#8221;][vc_column width=&#8221;1\/2&#8243;][vc_empty_space height=&#8221;72px&#8221;][vc_column_text]<\/p>\n<h1 style=\"text-align: center;\"><span style=\"color: #7a214e;\">BANHO DE LUA<\/span><\/h1>\n<p>[\/vc_column_text][vc_column_text]<\/p>\n<p style=\"text-align: center;\"><span style=\"color: #000000;\">Clareamento dos pelos corporais.<\/span><\/p>\n<p>[\/vc_column_text][\/vc_column][vc_column width=&#8221;1\/2&#8243;][vc_column_text]<\/p>\n<p style=\"text-align: center;\"><img loading=\"lazy\" decoding=\"async\" class=\"alignnone wp-image-424\" src=\"https:\/\/evahermann.com.br\/spa\/wp-content\/uploads\/2019\/11\/banhodelua.png\" alt=\"\" width=\"350\" height=\"352\" srcset=\"https:\/\/evahermann.com.br\/spa\/wp-content\/uploads\/2019\/11\/banhodelua.png 438w, https:\/\/evahermann.com.br\/spa\/wp-content\/uploads\/2019\/11\/banhodelua-150x150.png 150w\" sizes=\"auto, (max-width: 350px) 100vw, 350px\" \/><\/p>\n<p>[\/vc_column_text][\/vc_column][\/vc_row][vc_row css_animation=&#8221;&#8221; row_type=&#8221;row&#8221; use_row_as_full_screen_section=&#8221;no&#8221; type=&#8221;grid&#8221; angled_section=&#8221;no&#8221; text_align=&#8221;left&#8221; background_image_as_pattern=&#8221;without_pattern&#8221; css=&#8221;.vc_custom_1573093793873{padding-top: 46px !important;padding-bottom: 45px !important;}&#8221; z_index=&#8221;&#8221;][vc_column width=&#8221;1\/2&#8243;][vc_column_text]<\/p>\n<p style=\"text-align: center;\"><img loading=\"lazy\" decoding=\"async\" class=\"alignnone size-full wp-image-427\" src=\"https:\/\/evahermann.com.br\/spa\/wp-content\/uploads\/2019\/11\/pesmaos.png\" alt=\"\" width=\"352\" height=\"331\" srcset=\"https:\/\/evahermann.com.br\/spa\/wp-content\/uploads\/2019\/11\/pesmaos.png 352w, https:\/\/evahermann.com.br\/spa\/wp-content\/uploads\/2019\/11\/pesmaos-300x282.png 300w\" sizes=\"auto, (max-width: 352px) 100vw, 352px\" \/><\/p>\n<p>[\/vc_column_text][\/vc_column][vc_column width=&#8221;1\/2&#8243;][vc_empty_space][vc_column_text]<\/p>\n<h1 style=\"text-align: center;\"><span style=\"color: #7a214e;\">HIDRATA\u00c7\u00c3O P\u00c9S E M\u00c3OS<\/span><\/h1>\n<p>[\/vc_column_text][vc_column_text]<span style=\"color: #000000;\">Esfolia\u00e7\u00e3o com sabonete para retirada de c\u00e9lulas mortas, e aplica\u00e7\u00e3o de sebo hidratante.<\/span>[\/vc_column_text][\/vc_column][\/vc_row][vc_row css_animation=&#8221;&#8221; row_type=&#8221;row&#8221; use_row_as_full_screen_section=&#8221;no&#8221; type=&#8221;grid&#8221; angled_section=&#8221;no&#8221; text_align=&#8221;left&#8221; background_image_as_pattern=&#8221;without_pattern&#8221; css=&#8221;.vc_custom_1573092773000{padding-top: 45px !important;padding-bottom: 45px !important;}&#8221; z_index=&#8221;&#8221;][vc_column width=&#8221;1\/2&#8243;][vc_empty_space height=&#8221;72px&#8221;][vc_column_text]<\/p>\n<h1 style=\"text-align: center;\"><span style=\"color: #7a214e;\">CRIO THERMO MASTER\u00a0<\/span><\/h1>\n<p>[\/vc_column_text][vc_column_text]<span style=\"color: #000000;\">Crioterapia + Termoterapia + Estimula\u00e7\u00e3o das fibras de col\u00e1geno. Indica\u00e7\u00f5es: Gordura Localizada, Celulite, Flacidez D\u00e9rmica, P\u00f3s Operat\u00f3rio, Tratamentos Faciais, Criolifting Facial, Modelagem, Crioanalgesia. O Crio Thermo Master \u00e9 um recurso el\u00e9troter\u00e1pico que utiliza a sinergia de a\u00e7\u00f5es usadas em m\u00e9todos isolados, j\u00e1 experimentados com sucesso tais como:<\/span><\/p>\n<ul>\n<li><span style=\"color: #000000;\">A\u00e7\u00e3o do aumento da circula\u00e7\u00e3o local e das trocas metab\u00f3licas.<\/span><\/li>\n<li><span style=\"color: #000000;\">Mobiliza\u00e7\u00e3o dos tecidos adiposos e celul\u00edticos atrav\u00e9s do calor gerado.<\/span><\/li>\n<li><span style=\"color: #000000;\">A\u00e7\u00e3o vasoconstritora.<\/span><\/li>\n<li><span style=\"color: #000000;\">Melhora da flacidez cut\u00e2nea pelo frio.<\/span><\/li>\n<li><span style=\"color: #000000;\">Subst\u00e2ncias veiculadas nos tecidos atrav\u00e9s da iontoforese.<\/span><\/li>\n<li><span style=\"color: #000000;\">Aumento da permeabilidade das membranas celulares atrav\u00e9s da dermotonifica\u00e7\u00e3o (microcorrente).<\/span><\/li>\n<\/ul>\n<p><span style=\"color: #000000;\">A t\u00e9cnica combina de forma alternada a crioterapia com a termoterapia, permitindo Uma varia\u00e7\u00e3o de temperatura de -1\u00b0C a\u00a045\u00b0C. Essa fonte t\u00e9rmica \u00e9 utilizada tanto para esfriar quanto para aquecer, tendo tamb\u00e9m a possibilidade de utilizarmos a corrente galv\u00e2nica para iontoforese ou a microcorrente para ativa\u00e7\u00e3o celular.<\/span>[\/vc_column_text][\/vc_column][vc_column width=&#8221;1\/2&#8243;][vc_column_text]<\/p>\n<p style=\"text-align: center;\"><img loading=\"lazy\" decoding=\"async\" class=\"alignnone wp-image-429\" src=\"https:\/\/evahermann.com.br\/spa\/wp-content\/uploads\/2019\/11\/thermo.png\" alt=\"\" width=\"380\" height=\"376\" srcset=\"https:\/\/evahermann.com.br\/spa\/wp-content\/uploads\/2019\/11\/thermo.png 432w, https:\/\/evahermann.com.br\/spa\/wp-content\/uploads\/2019\/11\/thermo-300x297.png 300w\" sizes=\"auto, (max-width: 380px) 100vw, 380px\" \/><\/p>\n<p>[\/vc_column_text][\/vc_column][\/vc_row][vc_row css_animation=&#8221;&#8221; row_type=&#8221;row&#8221; use_row_as_full_screen_section=&#8221;no&#8221; type=&#8221;grid&#8221; angled_section=&#8221;no&#8221; text_align=&#8221;left&#8221; background_image_as_pattern=&#8221;without_pattern&#8221; css=&#8221;.vc_custom_1573093793873{padding-top: 46px !important;padding-bottom: 45px !important;}&#8221; z_index=&#8221;&#8221;][vc_column width=&#8221;1\/2&#8243;][vc_column_text]<\/p>\n<p style=\"text-align: center;\"><img loading=\"lazy\" decoding=\"async\" class=\"alignnone size-full wp-image-431\" src=\"https:\/\/evahermann.com.br\/spa\/wp-content\/uploads\/2019\/11\/Eletropora\u00e7\u00e3o-1024x724.png\" alt=\"\" width=\"1024\" height=\"724\" srcset=\"https:\/\/evahermann.com.br\/spa\/wp-content\/uploads\/2019\/11\/Eletropora\u00e7\u00e3o-1024x724.png 1024w, https:\/\/evahermann.com.br\/spa\/wp-content\/uploads\/2019\/11\/Eletropora\u00e7\u00e3o-1024x724-300x212.png 300w, https:\/\/evahermann.com.br\/spa\/wp-content\/uploads\/2019\/11\/Eletropora\u00e7\u00e3o-1024x724-768x543.png 768w, https:\/\/evahermann.com.br\/spa\/wp-content\/uploads\/2019\/11\/Eletropora\u00e7\u00e3o-1024x724-700x495.png 700w\" sizes=\"auto, (max-width: 1024px) 100vw, 1024px\" \/><\/p>\n<p>[\/vc_column_text][\/vc_column][vc_column width=&#8221;1\/2&#8243;][vc_empty_space][vc_column_text]<\/p>\n<h1 style=\"text-align: center;\"><span style=\"color: #7a214e;\">ELETROPORA\u00c7\u00c3O<\/span><\/h1>\n<p>[\/vc_column_text][vc_column_text]<span style=\"color: #000000;\">Consiste em uma t\u00e9cnica revolucion\u00e1ria que potencializa a entrada de ativos, indicados para resolver os mais diversos vil\u00f5es da beleza, atuando diretamente na raiz do problema, ou seja, na c\u00e9lula, 400 vezes mais r\u00e1pido do que o normal.<\/span><\/p>\n<p><span style=\"color: #000000;\">A m\u00e1quina emite ondas eletromagn\u00e9ticas, que nada mais fazem do que abrir os poros e permitir que os ativos realmente cheguem no interior da c\u00e9lula. A principal vantagem da t\u00e9cnica \u00e9 poder ser usada para os mais diferentes ou comuns problemas, tais como gordura localizada, celulite, olheiras, flacidez, estrias, entre outros. E, o melhor, sem dor. Dessa forma s\u00e3o introduzidas subst\u00e2ncias com finalidades espec\u00edficas em camadas mais profundas, gerando efeitos muito mais expressivos que qualquer outro recurso j\u00e1 existente. Ap\u00f3s a aplica\u00e7\u00e3o homog\u00eanea da subst\u00e2ncia, faz-se o uso da m\u00e1quina de eletropora\u00e7\u00e3o, que potencializa a a\u00e7\u00e3o da f\u00f3rmula em at\u00e9 400 vezes, com velocidade de absor\u00e7\u00e3o dos ativos de aproximadamente 1ml por minuto.<\/span>[\/vc_column_text][\/vc_column][\/vc_row][vc_row css_animation=&#8221;&#8221; row_type=&#8221;row&#8221; use_row_as_full_screen_section=&#8221;no&#8221; type=&#8221;grid&#8221; angled_section=&#8221;no&#8221; text_align=&#8221;left&#8221; background_image_as_pattern=&#8221;without_pattern&#8221; css=&#8221;.vc_custom_1573092773000{padding-top: 45px !important;padding-bottom: 45px !important;}&#8221; z_index=&#8221;&#8221;][vc_column width=&#8221;1\/2&#8243;][vc_empty_space height=&#8221;72px&#8221;][vc_column_text]<\/p>\n<h1 style=\"text-align: center;\"><span style=\"color: #7a214e;\">DOME FACIAL<\/span><\/h1>\n<p>[\/vc_column_text][vc_column_text]<span style=\"color: #000000;\">O Invel\u00ae Dome Facial \u00e9 um equipamento feito a partir da Biocer\u00e2mica\u00ae Invel\u00ae que traz \u00e0 pele uma hidrata\u00e7\u00e3o profunda e efetiva \u2013 deixando-a suave e vi\u00e7osa. Ele produz um calor suave e confort\u00e1vel, controlado digitalmente, que atinge, no m\u00e1ximo, 36\u00baC. <\/span><\/p>\n<p><span style=\"color: #000000;\">O equipamento possui um sensor de contato, dispositivo que informa para o controlador digital a temperatura exata da superf\u00edcie da pele possibilitando uma padroniza\u00e7\u00e3o perfeita do procedimento durante todo o tratamento. Reduz em at\u00e9 47% rugas e marcas de express\u00e3o ap\u00f3s 15 sess\u00f5es de 30 minutos efetuadas a cada tr\u00eas ou quatro dias.<\/span>[\/vc_column_text][\/vc_column][vc_column width=&#8221;1\/2&#8243;][vc_column_text]<\/p>\n<p style=\"text-align: center;\"><img loading=\"lazy\" decoding=\"async\" class=\"alignnone wp-image-432\" src=\"https:\/\/evahermann.com.br\/spa\/wp-content\/uploads\/2019\/11\/DOME.png\" alt=\"\" width=\"370\" height=\"366\" srcset=\"https:\/\/evahermann.com.br\/spa\/wp-content\/uploads\/2019\/11\/DOME.png 420w, https:\/\/evahermann.com.br\/spa\/wp-content\/uploads\/2019\/11\/DOME-300x296.png 300w\" sizes=\"auto, (max-width: 370px) 100vw, 370px\" \/><\/p>\n<p>[\/vc_column_text][\/vc_column][\/vc_row][vc_row css_animation=&#8221;&#8221; row_type=&#8221;row&#8221; use_row_as_full_screen_section=&#8221;no&#8221; type=&#8221;grid&#8221; angled_section=&#8221;no&#8221; text_align=&#8221;left&#8221; background_image_as_pattern=&#8221;without_pattern&#8221; css=&#8221;.vc_custom_1573093793873{padding-top: 46px !important;padding-bottom: 45px !important;}&#8221; z_index=&#8221;&#8221;][vc_column width=&#8221;1\/2&#8243;][vc_column_text]<\/p>\n<p style=\"text-align: center;\"><img loading=\"lazy\" decoding=\"async\" class=\"alignnone size-full wp-image-434\" src=\"https:\/\/evahermann.com.br\/spa\/wp-content\/uploads\/2019\/11\/hidrata\u00e7\u00e3o-facial-1024x724.png\" alt=\"\" width=\"1024\" height=\"724\" srcset=\"https:\/\/evahermann.com.br\/spa\/wp-content\/uploads\/2019\/11\/hidrata\u00e7\u00e3o-facial-1024x724.png 1024w, https:\/\/evahermann.com.br\/spa\/wp-content\/uploads\/2019\/11\/hidrata\u00e7\u00e3o-facial-1024x724-300x212.png 300w, https:\/\/evahermann.com.br\/spa\/wp-content\/uploads\/2019\/11\/hidrata\u00e7\u00e3o-facial-1024x724-768x543.png 768w, https:\/\/evahermann.com.br\/spa\/wp-content\/uploads\/2019\/11\/hidrata\u00e7\u00e3o-facial-1024x724-700x495.png 700w\" sizes=\"auto, (max-width: 1024px) 100vw, 1024px\" \/><\/p>\n<p>[\/vc_column_text][\/vc_column][vc_column width=&#8221;1\/2&#8243;][vc_empty_space][vc_column_text]<\/p>\n<h1 style=\"text-align: center;\"><span style=\"color: #7a214e;\">HIDRATA\u00c7\u00c3O FACIAL<\/span><\/h1>\n<p>[\/vc_column_text][vc_column_text]<span style=\"color: #000000;\">Limpeza com sabonete com \u00c1cido Hialur\u00f4nico, esfolia\u00e7\u00e3o facial, e m\u00e1scara de argila descongestionante e hidratante<\/span>[\/vc_column_text][\/vc_column][\/vc_row][vc_row css_animation=&#8221;&#8221; row_type=&#8221;row&#8221; use_row_as_full_screen_section=&#8221;no&#8221; type=&#8221;grid&#8221; angled_section=&#8221;no&#8221; text_align=&#8221;left&#8221; background_image_as_pattern=&#8221;without_pattern&#8221; css=&#8221;.vc_custom_1573092773000{padding-top: 45px !important;padding-bottom: 45px !important;}&#8221; z_index=&#8221;&#8221;][vc_column width=&#8221;1\/2&#8243;][vc_empty_space height=&#8221;72px&#8221;][vc_column_text]<\/p>\n<h1 style=\"text-align: center;\"><span style=\"color: #7a214e;\">LIMPEZA DE PELE COM PEELING ULTRASS\u00d4NICO\u00a0<\/span><\/h1>\n<p>[\/vc_column_text][vc_column_text]<span style=\"color: #000000;\">Ele consiste num sistema tecnol\u00f3gico destinado a realizar tratamentos cut\u00e2neos, eliminando as camadas superficiais da pele. Al\u00e9m disso, promove aumento da circula\u00e7\u00e3o sangu\u00ednea refor\u00e7ando o metabolismo promovendo hidrata\u00e7\u00e3o e melhora da tonicidade d\u00e9rmica. Indicado para promover uma limpeza profunda da pele eliminando as c\u00e9lulas mortas, acelerando a renova\u00e7\u00e3o celular e a produ\u00e7\u00e3o de col\u00e1geno e elastina.<\/span><\/p>\n<p><span style=\"color: #000000;\">Os resultados do tratamento s\u00e3o muito satisfat\u00f3rios, principalmente em pessoas com peles mais maduras, acneicas ou que estejam ressecadas e sem vi\u00e7o. O peeling ultass\u00f4nico \u00e9 utilizado na limpeza de pele sem dor pois reduz em at\u00e9 95% o uso de extratores ou extra\u00e7\u00e3o manual dos cravos preservando a integridade da pele.<\/span>[\/vc_column_text][\/vc_column][vc_column width=&#8221;1\/2&#8243;][vc_column_text]<\/p>\n<p style=\"text-align: center;\"><img loading=\"lazy\" decoding=\"async\" class=\"alignnone size-full wp-image-436\" src=\"https:\/\/evahermann.com.br\/spa\/wp-content\/uploads\/2019\/11\/limpeza-de-pele-peeling-ultrass\u00f4nico-1024x724.png\" alt=\"\" width=\"1024\" height=\"724\" srcset=\"https:\/\/evahermann.com.br\/spa\/wp-content\/uploads\/2019\/11\/limpeza-de-pele-peeling-ultrass\u00f4nico-1024x724.png 1024w, https:\/\/evahermann.com.br\/spa\/wp-content\/uploads\/2019\/11\/limpeza-de-pele-peeling-ultrass\u00f4nico-1024x724-300x212.png 300w, https:\/\/evahermann.com.br\/spa\/wp-content\/uploads\/2019\/11\/limpeza-de-pele-peeling-ultrass\u00f4nico-1024x724-768x543.png 768w, https:\/\/evahermann.com.br\/spa\/wp-content\/uploads\/2019\/11\/limpeza-de-pele-peeling-ultrass\u00f4nico-1024x724-700x495.png 700w\" sizes=\"auto, (max-width: 1024px) 100vw, 1024px\" \/><\/p>\n<p>[\/vc_column_text][\/vc_column][\/vc_row][vc_row css_animation=&#8221;&#8221; row_type=&#8221;row&#8221; use_row_as_full_screen_section=&#8221;no&#8221; type=&#8221;grid&#8221; angled_section=&#8221;no&#8221; text_align=&#8221;left&#8221; background_image_as_pattern=&#8221;without_pattern&#8221; css=&#8221;.vc_custom_1573093793873{padding-top: 46px !important;padding-bottom: 45px !important;}&#8221; z_index=&#8221;&#8221;][vc_column width=&#8221;1\/2&#8243;][vc_column_text]<\/p>\n<p style=\"text-align: center;\"><img loading=\"lazy\" decoding=\"async\" class=\"alignnone size-full wp-image-438\" src=\"https:\/\/evahermann.com.br\/spa\/wp-content\/uploads\/2019\/11\/Peeling-Diamante-1024x724.png\" alt=\"\" width=\"1024\" height=\"724\" srcset=\"https:\/\/evahermann.com.br\/spa\/wp-content\/uploads\/2019\/11\/Peeling-Diamante-1024x724.png 1024w, https:\/\/evahermann.com.br\/spa\/wp-content\/uploads\/2019\/11\/Peeling-Diamante-1024x724-300x212.png 300w, https:\/\/evahermann.com.br\/spa\/wp-content\/uploads\/2019\/11\/Peeling-Diamante-1024x724-768x543.png 768w, https:\/\/evahermann.com.br\/spa\/wp-content\/uploads\/2019\/11\/Peeling-Diamante-1024x724-700x495.png 700w\" sizes=\"auto, (max-width: 1024px) 100vw, 1024px\" \/><\/p>\n<p>[\/vc_column_text][\/vc_column][vc_column width=&#8221;1\/2&#8243;][vc_empty_space][vc_column_text]<\/p>\n<h1 style=\"text-align: center;\"><span style=\"color: #7a214e;\">PEELING DIAMANTE<\/span><\/h1>\n<p>[\/vc_column_text][vc_column_text]<span style=\"color: #000000;\">O peeling de diamante \u00e9 um tratamento est\u00e9tico que faz uma esfolia\u00e7\u00e3o profunda da pele, retirando as c\u00e9lulas mortas da camada mais superficial, sendo muito eficiente para retirar as manchas e combater as rugas porque estimula a produ\u00e7\u00e3o de col\u00e1geno e elastina, que s\u00e3o fundamentais para manter a pele firme e uniforme. Apesar de ser comumente indicado para tratamentos de rosto, pode ser utilizado em outras regi\u00f5es do corpo como pesco\u00e7o, colo, bra\u00e7os e costas, para retirar pequenas manchas deixadas por cicatrizes, por exemplo. Al\u00e9m disso, tamb\u00e9m \u00e9 um bom complemento terap\u00eautico para eliminar estrias brancas ou vermelhas. O peeling de diamante n\u00e3o d\u00f3i e logo depois do procedimento \u00e9 poss\u00edvel voltar imediatamente ao trabalho e as suas atividades sociais, diferentemente do que ocorre quando se faz um peeling qu\u00edmico, em que \u00e9 preciso se afastar dessas atividades durante alguns dias.<\/span><br \/>\n<span style=\"color: #000000;\">Quando \u00e9 indicado fazer:<\/span><\/p>\n<ul>\n<li><span style=\"color: #000000;\">O peeling de diamante pode ser feito em qualquer \u00e9poca do ano, no entanto ele \u00e9 mais indicado quando as temperaturas est\u00e3o mais amenas, como no outono ou inverno.<\/span><\/li>\n<li><span style=\"color: #000000;\">Ap\u00f3s o procedimento deve-se evitar expor-se ao sol e usar protetor solar diariamente.<\/span><\/li>\n<\/ul>\n<p>[\/vc_column_text][\/vc_column][\/vc_row][vc_row css_animation=&#8221;&#8221; row_type=&#8221;row&#8221; use_row_as_full_screen_section=&#8221;no&#8221; type=&#8221;grid&#8221; angled_section=&#8221;no&#8221; text_align=&#8221;left&#8221; background_image_as_pattern=&#8221;without_pattern&#8221; css=&#8221;.vc_custom_1573092773000{padding-top: 45px !important;padding-bottom: 45px !important;}&#8221; z_index=&#8221;&#8221;][vc_column width=&#8221;1\/2&#8243;][vc_empty_space height=&#8221;72px&#8221;][vc_column_text]<\/p>\n<h1 style=\"text-align: center;\"><span style=\"color: #7a214e;\">PEELING QU\u00cdMICO<\/span><\/h1>\n<p>[\/vc_column_text][vc_column_text]<span style=\"color: #000000;\">O peeling qu\u00edmico \u00e9 um tipo de tratamento est\u00e9tico que \u00e9 feito com a aplica\u00e7\u00e3o de \u00e1cidos sobre a pele para retirar as camadas danificadas e promover o crescimento de uma camada lisa.<\/span><\/p>\n<p><span style=\"color: #000000;\">Os principais benef\u00edcios do peeling qu\u00edmico incluem:<\/span><\/p>\n<ul>\n<li><span style=\"color: #000000;\">Redu\u00e7\u00e3o das cicatrizes de acne e de acidentes;<\/span><\/li>\n<li><span style=\"color: #000000;\">Renova\u00e7\u00e3o das camadas de pele;<\/span><\/li>\n<li><span style=\"color: #000000;\">Redu\u00e7\u00e3o das manchas de idade ou sol;<\/span><\/li>\n<li><span style=\"color: #000000;\">Elimina\u00e7\u00e3o de rugas e linhas de express\u00e3o.<\/span><\/li>\n<li><span style=\"color: #000000;\">Os resultados do peeling qu\u00edmico dependem do tipo de peeling e das caracter\u00edsticas da pele, sendo que peles claras apresentam efeitos mais satisfat\u00f3rios.<\/span><\/li>\n<\/ul>\n<p>[\/vc_column_text][\/vc_column][vc_column width=&#8221;1\/2&#8243;][vc_column_text]<\/p>\n<p style=\"text-align: center;\"><img loading=\"lazy\" decoding=\"async\" class=\"alignnone size-full wp-image-440\" src=\"https:\/\/evahermann.com.br\/spa\/wp-content\/uploads\/2019\/11\/Peeling-Qu\u00edmico-1024x724.png\" alt=\"\" width=\"1024\" height=\"724\" srcset=\"https:\/\/evahermann.com.br\/spa\/wp-content\/uploads\/2019\/11\/Peeling-Qu\u00edmico-1024x724.png 1024w, https:\/\/evahermann.com.br\/spa\/wp-content\/uploads\/2019\/11\/Peeling-Qu\u00edmico-1024x724-300x212.png 300w, https:\/\/evahermann.com.br\/spa\/wp-content\/uploads\/2019\/11\/Peeling-Qu\u00edmico-1024x724-768x543.png 768w, https:\/\/evahermann.com.br\/spa\/wp-content\/uploads\/2019\/11\/Peeling-Qu\u00edmico-1024x724-700x495.png 700w\" sizes=\"auto, (max-width: 1024px) 100vw, 1024px\" \/><\/p>\n<p>[\/vc_column_text][\/vc_column][\/vc_row][vc_row css_animation=&#8221;&#8221; row_type=&#8221;row&#8221; use_row_as_full_screen_section=&#8221;no&#8221; type=&#8221;grid&#8221; angled_section=&#8221;no&#8221; text_align=&#8221;left&#8221; background_image_as_pattern=&#8221;without_pattern&#8221; css=&#8221;.vc_custom_1573093793873{padding-top: 46px !important;padding-bottom: 45px !important;}&#8221; z_index=&#8221;&#8221;][vc_column width=&#8221;1\/2&#8243;][vc_column_text]<\/p>\n<p style=\"text-align: center;\"><img loading=\"lazy\" decoding=\"async\" class=\"alignnone wp-image-442\" src=\"https:\/\/evahermann.com.br\/spa\/wp-content\/uploads\/2019\/11\/CRISTAL.png\" alt=\"\" width=\"380\" height=\"364\" srcset=\"https:\/\/evahermann.com.br\/spa\/wp-content\/uploads\/2019\/11\/CRISTAL.png 468w, https:\/\/evahermann.com.br\/spa\/wp-content\/uploads\/2019\/11\/CRISTAL-300x287.png 300w\" sizes=\"auto, (max-width: 380px) 100vw, 380px\" \/><\/p>\n<p>[\/vc_column_text][\/vc_column][vc_column width=&#8221;1\/2&#8243;][vc_empty_space][vc_column_text]<\/p>\n<h1 style=\"text-align: center;\"><span style=\"color: #7a214e;\">PEELING DE CRISTAL<\/span><\/h1>\n<p>[\/vc_column_text][vc_column_text]<span style=\"color: #000000;\">O peeling de cristal \u00e9 um tratamento est\u00e9tico muito utilizado para combater cicatrizes de acne, rugas finas ou manchas, por exemplo, sem ser necess\u00e1rio utilizar qu\u00edmicos irritantes para a pele. Geralmente, para fazer o peeling de cristal \u00e9 utilizado um pequeno aparelho de suc\u00e7\u00e3o com cristais de hidr\u00f3xido de alum\u00ednio na ponta, que retira a camada mais superficial da pele e promove a produ\u00e7\u00e3o de col\u00e1geno, promovendo o seu rejuvenescimento.<\/span><\/p>\n<p><span style=\"color: #000000;\">Os principais benef\u00edcios do peeling de cristal incluem:<\/span><\/p>\n<ul>\n<li><span style=\"color: #000000;\">Remo\u00e7\u00e3o de manchas na pele, como, por exemplo, as de sol, sardas ou manchas de cravos;<\/span><\/li>\n<li><span style=\"color: #000000;\">Atenua\u00e7\u00e3o de cicatrizes deixadas pela acne;<\/span><\/li>\n<li><span style=\"color: #000000;\">Elimina\u00e7\u00e3o rugas e linhas de express\u00e3o;<\/span><\/li>\n<li><span style=\"color: #000000;\">Diminui\u00e7\u00e3o dos poros dilatados;<\/span><\/li>\n<\/ul>\n<p>[\/vc_column_text][\/vc_column][\/vc_row][vc_row css_animation=&#8221;&#8221; row_type=&#8221;row&#8221; use_row_as_full_screen_section=&#8221;no&#8221; type=&#8221;grid&#8221; angled_section=&#8221;no&#8221; text_align=&#8221;left&#8221; background_image_as_pattern=&#8221;without_pattern&#8221; css=&#8221;.vc_custom_1573092773000{padding-top: 45px !important;padding-bottom: 45px !important;}&#8221; z_index=&#8221;&#8221;][vc_column width=&#8221;1\/2&#8243;][vc_empty_space height=&#8221;72px&#8221;][vc_column_text]<\/p>\n<h1 style=\"text-align: center;\"><span style=\"color: #7a214e;\">MICROCORRENTES<\/span><\/h1>\n<p>[\/vc_column_text][vc_column_text]<span style=\"color: #000000;\">Microcorrentes t\u00eam como objetivo promover a revitaliza\u00e7\u00e3o cut\u00e2nea, melhorando a flacidez muscular, elasticidade, viscosidade e o brilho da pele, que ocorre devido \u00e0 forma\u00e7\u00e3o de um campo bioel\u00e9trico natural, que promove a revitaliza\u00e7\u00e3o celular. A microcorrente atua tamb\u00e9m no aumento do transporte de membranas ativo de amino\u00e1cidos, consequentemente, aumenta a s\u00edntese de prote\u00ednas, tem a\u00e7\u00e3o no sistema linf\u00e1tico. O m\u00e9todo \u00e9 totalmente indolor e n\u00e3o invasivo, onde a aplica\u00e7\u00e3o e feita atrav\u00e9s de massagem agrad\u00e1vel e relaxante, com canetas e algod\u00f5es em suas pontas, funcionando em tr\u00eas etapas.<\/span><\/p>\n<p><span style=\"color: #000000;\">A primeira promove o aumento do metabolismo, liberando \u00edons de c\u00e1lcio que deflagram o incremento no transporte de membranas, aumentando a circula\u00e7\u00e3o arterial, venosa e linf\u00e1tica, maior reabsor\u00e7\u00e3o de l\u00edquidos estagnados no interst\u00edcio e elimina\u00e7\u00e3o de toxinas.<\/span><\/p>\n<p><span style=\"color: #000000;\">Na segunda etapa realiza pin\u00e7amentos de sulcos e vincos da musculatura, visando o restabelecimento da tonicidade facial. <\/span><\/p>\n<p><span style=\"color: #000000;\">Terceira etapa o objetivo e introduzir com o auxilio de microcorrentes um produto ioniz\u00e1vel, para hidrata\u00e7\u00e3o desta.<\/span><\/p>\n<p><span style=\"color: #000000;\">Indica\u00e7\u00f5es: Cicatrizes, P\u00f3s-Operatorio, Rejuvenescimento, Flacidez Tissular, Recupera\u00e7\u00e3o de queimaduras.<\/span>[\/vc_column_text][\/vc_column][vc_column width=&#8221;1\/2&#8243;][vc_empty_space height=&#8221;72px&#8221;][vc_column_text]<\/p>\n<p style=\"text-align: center;\"><img loading=\"lazy\" decoding=\"async\" class=\"alignnone wp-image-444 size-full\" src=\"https:\/\/evahermann.com.br\/spa\/wp-content\/uploads\/2019\/11\/MICRO.png\" alt=\"\" width=\"365\" height=\"337\" srcset=\"https:\/\/evahermann.com.br\/spa\/wp-content\/uploads\/2019\/11\/MICRO.png 365w, https:\/\/evahermann.com.br\/spa\/wp-content\/uploads\/2019\/11\/MICRO-300x277.png 300w\" sizes=\"auto, (max-width: 365px) 100vw, 365px\" \/><\/p>\n<p>[\/vc_column_text][\/vc_column][\/vc_row]<\/p>\n<\/div>","protected":false},"excerpt":{"rendered":"<p>[vc_row css_animation=&#8221;&#8221; row_type=&#8221;row&#8221; use_row_as_full_screen_section=&#8221;no&#8221; type=&#8221;full_width&#8221; angled_section=&#8221;no&#8221; text_align=&#8221;left&#8221; background_image_as_pattern=&#8221;without_pattern&#8221;][vc_column][\/vc_column][\/vc_row][vc_row css_animation=&#8221;&#8221; row_type=&#8221;row&#8221; use_row_as_full_screen_section=&#8221;no&#8221; type=&#8221;grid&#8221; angled_section=&#8221;no&#8221; text_align=&#8221;left&#8221; background_image_as_pattern=&#8221;without_pattern&#8221; css=&#8221;.vc_custom_1572997632229{padding-top: 45px !important;padding-bottom: 45px !important;}&#8221; z_index=&#8221;&#8221;][vc_column width=&#8221;1\/2&#8243;][vc_column_text] [\/vc_column_text][\/vc_column][vc_column width=&#8221;1\/2&#8243;][vc_column_text] CRIOLIP\u00d3LISE [\/vc_column_text][vc_column_text]A criolip\u00f3lise \u00e9 o m\u00e9todo mais recomendado atualmente para eliminar gordura localizada sem agulhas e cirurgias pl\u00e1sticas. O tratamento promove&#8230;<\/p>\n","protected":false},"author":3,"featured_media":0,"parent":0,"menu_order":0,"comment_status":"closed","ping_status":"closed","template":"full_width.php","meta":{"footnotes":""},"class_list":["post-167","page","type-page","status-publish","hentry"],"_links":{"self":[{"href":"https:\/\/evahermann.com.br\/spa\/wp-json\/wp\/v2\/pages\/167","targetHints":{"allow":["GET"]}}],"collection":[{"href":"https:\/\/evahermann.com.br\/spa\/wp-json\/wp\/v2\/pages"}],"about":[{"href":"https:\/\/evahermann.com.br\/spa\/wp-json\/wp\/v2\/types\/page"}],"author":[{"embeddable":true,"href":"https:\/\/evahermann.com.br\/spa\/wp-json\/wp\/v2\/users\/3"}],"replies":[{"embeddable":true,"href":"https:\/\/evahermann.com.br\/spa\/wp-json\/wp\/v2\/comments?post=167"}],"version-history":[{"count":47,"href":"https:\/\/evahermann.com.br\/spa\/wp-json\/wp\/v2\/pages\/167\/revisions"}],"predecessor-version":[{"id":514,"href":"https:\/\/evahermann.com.br\/spa\/wp-json\/wp\/v2\/pages\/167\/revisions\/514"}],"wp:attachment":[{"href":"https:\/\/evahermann.com.br\/spa\/wp-json\/wp\/v2\/media?parent=167"}],"curies":[{"name":"wp","href":"https:\/\/api.w.org\/{rel}","templated":true}]}}