{"id":169,"date":"2019-10-09T01:26:14","date_gmt":"2019-10-09T01:26:14","guid":{"rendered":"https:\/\/evahermann.com.br\/spa\/?page_id=169"},"modified":"2025-09-19T20:48:47","modified_gmt":"2025-09-19T20:48:47","slug":"spa-e-relaxamento","status":"publish","type":"page","link":"https:\/\/evahermann.com.br\/spa\/spa-e-relaxamento\/","title":{"rendered":"SPA E RELAXAMENTO"},"content":{"rendered":"<div class=\"wpb-content-wrapper\"><p>[vc_row css_animation=&#8221;&#8221; row_type=&#8221;row&#8221; use_row_as_full_screen_section=&#8221;no&#8221; type=&#8221;grid&#8221; angled_section=&#8221;no&#8221; text_align=&#8221;left&#8221; background_image_as_pattern=&#8221;without_pattern&#8221; css=&#8221;.vc_custom_1573123167535{padding-top: 45px !important;padding-bottom: 45px !important;}&#8221; z_index=&#8221;&#8221;][vc_column width=&#8221;1\/2&#8243;][vc_column_text]<\/p>\n<p style=\"text-align: center;\"><img loading=\"lazy\" decoding=\"async\" class=\"alignnone wp-image-251\" src=\"https:\/\/evahermann.com.br\/spa\/wp-content\/uploads\/2019\/10\/SPA-TERNURA-300x212.png\" alt=\"\" width=\"450\" height=\"318\" srcset=\"https:\/\/evahermann.com.br\/spa\/wp-content\/uploads\/2019\/10\/SPA-TERNURA-300x212.png 300w, https:\/\/evahermann.com.br\/spa\/wp-content\/uploads\/2019\/10\/SPA-TERNURA-768x543.png 768w, https:\/\/evahermann.com.br\/spa\/wp-content\/uploads\/2019\/10\/SPA-TERNURA-1024x724.png 1024w, https:\/\/evahermann.com.br\/spa\/wp-content\/uploads\/2019\/10\/SPA-TERNURA-700x495.png 700w, https:\/\/evahermann.com.br\/spa\/wp-content\/uploads\/2019\/10\/SPA-TERNURA.png 1123w\" sizes=\"auto, (max-width: 450px) 100vw, 450px\" \/><\/p>\n<p>[\/vc_column_text][\/vc_column][vc_column width=&#8221;1\/2&#8243;][vc_column_text]<\/p>\n<h1 style=\"text-align: left;\"><span style=\"color: #7a214e;\">SPA TERNURA<\/span><\/h1>\n<p>[\/vc_column_text][vc_empty_space][vc_column_text]<span style=\"color: #000000;\">Aquele carinho especial que todo mundo<\/span><br \/>\n<span style=\"color: #000000;\">gosta de receber.<\/span><\/p>\n<p>&nbsp;<\/p>\n<ul>\n<li><span style=\"color: #000000;\">Hidrata\u00e7\u00e3o Facial<\/span><\/li>\n<li><span style=\"color: #000000;\">Massagem relaxante<\/span><\/li>\n<li><span style=\"color: #000000;\">Banho de Hidrozonioterapia<\/span><\/li>\n<\/ul>\n<p>[\/vc_column_text][\/vc_column][\/vc_row][vc_row css_animation=&#8221;&#8221; row_type=&#8221;row&#8221; use_row_as_full_screen_section=&#8221;no&#8221; type=&#8221;grid&#8221; angled_section=&#8221;no&#8221; text_align=&#8221;left&#8221; background_image_as_pattern=&#8221;without_pattern&#8221; css=&#8221;.vc_custom_1572997744150{padding-top: 45px !important;padding-bottom: 45px !important;}&#8221; z_index=&#8221;&#8221;][vc_column width=&#8221;1\/2&#8243;][vc_column_text]<\/p>\n<p style=\"text-align: center;\"><img loading=\"lazy\" decoding=\"async\" class=\"alignnone wp-image-255\" src=\"https:\/\/evahermann.com.br\/spa\/wp-content\/uploads\/2019\/10\/meia-spa-diaria-300x212.png\" alt=\"\" width=\"450\" height=\"318\" srcset=\"https:\/\/evahermann.com.br\/spa\/wp-content\/uploads\/2019\/10\/meia-spa-diaria-300x212.png 300w, https:\/\/evahermann.com.br\/spa\/wp-content\/uploads\/2019\/10\/meia-spa-diaria-768x543.png 768w, https:\/\/evahermann.com.br\/spa\/wp-content\/uploads\/2019\/10\/meia-spa-diaria-1024x724.png 1024w, https:\/\/evahermann.com.br\/spa\/wp-content\/uploads\/2019\/10\/meia-spa-diaria-700x495.png 700w, https:\/\/evahermann.com.br\/spa\/wp-content\/uploads\/2019\/10\/meia-spa-diaria.png 1123w\" sizes=\"auto, (max-width: 450px) 100vw, 450px\" \/><\/p>\n<p>[\/vc_column_text][\/vc_column][vc_column width=&#8221;1\/2&#8243;][vc_column_text css=&#8221;&#8221;]<\/p>\n<h1 style=\"text-align: left;\"><span style=\"color: #7a214e;\">SPA GLAMOUR<\/span><\/h1>\n<p>[\/vc_column_text][vc_empty_space][vc_column_text css=&#8221;&#8221;]<\/p>\n<ul>\n<li>Banho de Hidrozonioterapia<\/li>\n<li>Limpeza de pele com Peeling Ultrass\u00f4nico<\/li>\n<li>Hidrata\u00e7\u00e3o P\u00e9s e M\u00e3os<\/li>\n<li>Massagem Relaxante<\/li>\n<\/ul>\n<p>[\/vc_column_text][\/vc_column][\/vc_row][vc_row css_animation=&#8221;&#8221; row_type=&#8221;row&#8221; use_row_as_full_screen_section=&#8221;no&#8221; type=&#8221;grid&#8221; angled_section=&#8221;no&#8221; text_align=&#8221;left&#8221; background_image_as_pattern=&#8221;without_pattern&#8221; css=&#8221;.vc_custom_1572997752518{padding-bottom: 45px !important;}&#8221; z_index=&#8221;&#8221;][vc_column width=&#8221;1\/2&#8243;][vc_column_text]<\/p>\n<h1 style=\"text-align: left;\"><span style=\"color: #7a214e;\">SPA DAY 6 TERAPIAS<\/span><\/h1>\n<p>[\/vc_column_text][vc_empty_space][vc_column_text css=&#8221;&#8221;]<\/p>\n<ul>\n<li><span style=\"color: #000000;\">Drenagem linf\u00e1tica\u00a0<\/span><\/li>\n<li><span style=\"color: #000000;\">Banho de Hidrozonioterapia<\/span><\/li>\n<li><span style=\"color: #000000;\">Hidrata\u00e7\u00e3o Facial com Argila<\/span><\/li>\n<li><span style=\"color: #000000;\">Hidrata\u00e7\u00e3o P\u00e9s e M\u00e3os<\/span><\/li>\n<li>Limpeza de Pele com Peeling Ultrass\u00f4nico<\/li>\n<li><span style=\"color: #000000;\">Dome Invel com Talassoterapia<\/span><\/li>\n<li><span style=\"color: #000000;\">1 Ch\u00e1 Detox\u00a0<\/span><\/li>\n<\/ul>\n<p>[\/vc_column_text][\/vc_column][vc_column width=&#8221;1\/2&#8243;][vc_column_text]<\/p>\n<p style=\"text-align: center;\"><img loading=\"lazy\" decoding=\"async\" class=\"alignnone wp-image-460\" src=\"https:\/\/evahermann.com.br\/spa\/wp-content\/uploads\/2019\/11\/DAY5.png\" alt=\"\" width=\"390\" height=\"392\" srcset=\"https:\/\/evahermann.com.br\/spa\/wp-content\/uploads\/2019\/11\/DAY5.png 489w, https:\/\/evahermann.com.br\/spa\/wp-content\/uploads\/2019\/11\/DAY5-150x150.png 150w, https:\/\/evahermann.com.br\/spa\/wp-content\/uploads\/2019\/11\/DAY5-298x300.png 298w\" sizes=\"auto, (max-width: 390px) 100vw, 390px\" \/><\/p>\n<p>[\/vc_column_text][\/vc_column][\/vc_row][vc_row css_animation=&#8221;&#8221; row_type=&#8221;row&#8221; use_row_as_full_screen_section=&#8221;no&#8221; type=&#8221;grid&#8221; angled_section=&#8221;no&#8221; text_align=&#8221;left&#8221; background_image_as_pattern=&#8221;without_pattern&#8221; css=&#8221;.vc_custom_1572997744150{padding-top: 45px !important;padding-bottom: 45px !important;}&#8221; z_index=&#8221;&#8221;][vc_column width=&#8221;1\/2&#8243;][vc_column_text]<\/p>\n<p style=\"text-align: center;\"><img loading=\"lazy\" decoding=\"async\" class=\"alignnone wp-image-462\" src=\"https:\/\/evahermann.com.br\/spa\/wp-content\/uploads\/2019\/11\/6.png\" alt=\"\" width=\"390\" height=\"400\" srcset=\"https:\/\/evahermann.com.br\/spa\/wp-content\/uploads\/2019\/11\/6.png 470w, https:\/\/evahermann.com.br\/spa\/wp-content\/uploads\/2019\/11\/6-293x300.png 293w\" sizes=\"auto, (max-width: 390px) 100vw, 390px\" \/><\/p>\n<p>[\/vc_column_text][\/vc_column][vc_column width=&#8221;1\/2&#8243;][vc_column_text css=&#8221;&#8221;]<\/p>\n<h1 style=\"text-align: left;\"><span style=\"color: #7a214e;\">SPA PARA GESTANTES<\/span><\/h1>\n<p>[\/vc_column_text][vc_empty_space][vc_column_text css=&#8221;&#8221;]<\/p>\n<ul>\n<li>Hidrata\u00e7\u00e3o Facial<\/li>\n<li>Dome Invel<\/li>\n<li>Drenagem gestante ou linf\u00e1tica<\/li>\n<li>Hidrata\u00e7\u00e3o P\u00e9s e M\u00e3os<\/li>\n<\/ul>\n<p>[\/vc_column_text][\/vc_column][\/vc_row][vc_row css_animation=&#8221;&#8221; row_type=&#8221;row&#8221; use_row_as_full_screen_section=&#8221;no&#8221; type=&#8221;grid&#8221; angled_section=&#8221;no&#8221; text_align=&#8221;left&#8221; background_image_as_pattern=&#8221;without_pattern&#8221; css=&#8221;.vc_custom_1572997752518{padding-bottom: 45px !important;}&#8221; z_index=&#8221;&#8221;][vc_column width=&#8221;1\/2&#8243;][vc_column_text css=&#8221;&#8221;]<\/p>\n<h1 style=\"text-align: left;\"><span style=\"color: #7a214e;\">SPA CASAL<\/span><\/h1>\n<p>[\/vc_column_text][vc_empty_space][vc_column_text css=&#8221;&#8221;]<\/p>\n<ul>\n<li>Banho de Oz\u00f4nio<\/li>\n<li>Hidrata\u00e7\u00e3o Facial<\/li>\n<li>Massagem Relaxante<\/li>\n<\/ul>\n<p>[\/vc_column_text][\/vc_column][vc_column width=&#8221;1\/2&#8243;][vc_column_text]<\/p>\n<p style=\"text-align: center;\"><img loading=\"lazy\" decoding=\"async\" class=\"alignnone wp-image-464\" src=\"https:\/\/evahermann.com.br\/spa\/wp-content\/uploads\/2019\/11\/9.png\" alt=\"\" width=\"390\" height=\"411\" srcset=\"https:\/\/evahermann.com.br\/spa\/wp-content\/uploads\/2019\/11\/9.png 448w, https:\/\/evahermann.com.br\/spa\/wp-content\/uploads\/2019\/11\/9-285x300.png 285w\" sizes=\"auto, (max-width: 390px) 100vw, 390px\" \/><\/p>\n<p>[\/vc_column_text][\/vc_column][\/vc_row][vc_row css_animation=&#8221;&#8221; row_type=&#8221;row&#8221; use_row_as_full_screen_section=&#8221;no&#8221; type=&#8221;grid&#8221; angled_section=&#8221;no&#8221; text_align=&#8221;left&#8221; background_image_as_pattern=&#8221;without_pattern&#8221; css=&#8221;.vc_custom_1572997744150{padding-top: 45px !important;padding-bottom: 45px !important;}&#8221; z_index=&#8221;&#8221;][vc_column width=&#8221;1\/2&#8243;][vc_column_text]<\/p>\n<p style=\"text-align: center;\"><img loading=\"lazy\" decoding=\"async\" class=\"alignnone wp-image-466\" src=\"https:\/\/evahermann.com.br\/spa\/wp-content\/uploads\/2019\/11\/KIDS.png\" alt=\"\" width=\"390\" height=\"405\" srcset=\"https:\/\/evahermann.com.br\/spa\/wp-content\/uploads\/2019\/11\/KIDS.png 446w, https:\/\/evahermann.com.br\/spa\/wp-content\/uploads\/2019\/11\/KIDS-289x300.png 289w\" sizes=\"auto, (max-width: 390px) 100vw, 390px\" \/><\/p>\n<p>[\/vc_column_text][\/vc_column][vc_column width=&#8221;1\/2&#8243;][vc_column_text]<\/p>\n<h1 style=\"text-align: left;\"><span style=\"color: #7a214e;\">SPA KIDS<\/span><\/h1>\n<p>[\/vc_column_text][vc_empty_space][vc_column_text]<\/p>\n<ul>\n<li><span style=\"color: #000000;\">Hidrata\u00e7\u00e3o Facial<\/span><\/li>\n<li><span style=\"color: #000000;\">Massagem relaxante<\/span><\/li>\n<li><span style=\"color: #000000;\">Banho de Hidrozonioterapia<\/span><\/li>\n<li><span style=\"color: #000000;\">Lanche<\/span><\/li>\n<\/ul>\n<p><span style=\"color: #000000;\">Opcional:<\/span><\/p>\n<ul>\n<li><span style=\"color: #000000;\">Ch\u00e1 de bonecas para 3 ou 4 crian\u00e7as.<\/span><\/li>\n<\/ul>\n<p>[\/vc_column_text][\/vc_column][\/vc_row][vc_row css_animation=&#8221;&#8221; row_type=&#8221;row&#8221; use_row_as_full_screen_section=&#8221;no&#8221; type=&#8221;grid&#8221; angled_section=&#8221;no&#8221; text_align=&#8221;left&#8221; background_image_as_pattern=&#8221;without_pattern&#8221; css=&#8221;.vc_custom_1572997752518{padding-bottom: 45px !important;}&#8221; z_index=&#8221;&#8221;][vc_column width=&#8221;1\/2&#8243;][vc_empty_space height=&#8221;52px&#8221;][vc_column_text]<\/p>\n<h1 style=\"text-align: left;\"><span style=\"color: #7a214e;\">SPA DO VINHO<\/span><\/h1>\n<p>[\/vc_column_text][vc_empty_space][vc_column_text css=&#8221;&#8221;]<\/p>\n<ul>\n<li><span style=\"color: #000000;\">Esfolia\u00e7\u00e3o corporal com semente de uva<\/span><\/li>\n<li><span style=\"color: #000000;\">Banho de Vinho<\/span><\/li>\n<li><span style=\"color: #000000;\">Massagem energizante de Vinho<\/span><\/li>\n<li><span style=\"color: #000000;\">Hidrata\u00e7\u00e3o facial descongestionante com creme e vinho<\/span><\/li>\n<li>Ta\u00e7a de Vinho<\/li>\n<\/ul>\n<p>[\/vc_column_text][\/vc_column][vc_column width=&#8221;1\/2&#8243;][vc_column_text]<\/p>\n<p style=\"text-align: center;\"><img loading=\"lazy\" decoding=\"async\" class=\"alignnone wp-image-468\" src=\"https:\/\/evahermann.com.br\/spa\/wp-content\/uploads\/2019\/11\/SPA-VINHO.png\" alt=\"\" width=\"390\" height=\"401\" srcset=\"https:\/\/evahermann.com.br\/spa\/wp-content\/uploads\/2019\/11\/SPA-VINHO.png 445w, https:\/\/evahermann.com.br\/spa\/wp-content\/uploads\/2019\/11\/SPA-VINHO-291x300.png 291w\" sizes=\"auto, (max-width: 390px) 100vw, 390px\" \/><\/p>\n<p>[\/vc_column_text][\/vc_column][\/vc_row][vc_row css_animation=&#8221;&#8221; row_type=&#8221;row&#8221; use_row_as_full_screen_section=&#8221;no&#8221; type=&#8221;grid&#8221; angled_section=&#8221;no&#8221; text_align=&#8221;left&#8221; background_image_as_pattern=&#8221;without_pattern&#8221; css=&#8221;.vc_custom_1572997744150{padding-top: 45px !important;padding-bottom: 45px !important;}&#8221; z_index=&#8221;&#8221;][vc_column width=&#8221;1\/2&#8243;][vc_column_text]<\/p>\n<p style=\"text-align: center;\"><img loading=\"lazy\" decoding=\"async\" class=\"alignnone wp-image-471\" src=\"https:\/\/evahermann.com.br\/spa\/wp-content\/uploads\/2019\/11\/HOMEM.png\" alt=\"\" width=\"390\" height=\"406\" srcset=\"https:\/\/evahermann.com.br\/spa\/wp-content\/uploads\/2019\/11\/HOMEM.png 435w, https:\/\/evahermann.com.br\/spa\/wp-content\/uploads\/2019\/11\/HOMEM-288x300.png 288w\" sizes=\"auto, (max-width: 390px) 100vw, 390px\" \/><\/p>\n<p>[\/vc_column_text][\/vc_column][vc_column width=&#8221;1\/2&#8243;][vc_column_text css=&#8221;&#8221;]<\/p>\n<h1 style=\"text-align: left;\"><span style=\"color: #7a214e;\">SPA HOMEM\u00a0<\/span><\/h1>\n<p>[\/vc_column_text][vc_empty_space][vc_column_text css=&#8221;&#8221;]<\/p>\n<ul>\n<li><span style=\"color: #000000;\">Banho de Hidrozonioterapia<\/span><\/li>\n<li><span style=\"color: #000000;\">Hidrata\u00e7\u00e3o Facial<\/span><\/li>\n<li><span style=\"color: #000000;\">Massagem Desportiva<\/span><\/li>\n<\/ul>\n<p>[\/vc_column_text][\/vc_column][\/vc_row][vc_row css_animation=&#8221;&#8221; row_type=&#8221;row&#8221; use_row_as_full_screen_section=&#8221;no&#8221; type=&#8221;grid&#8221; angled_section=&#8221;no&#8221; text_align=&#8221;left&#8221; background_image_as_pattern=&#8221;without_pattern&#8221; css=&#8221;.vc_custom_1572997744150{padding-top: 45px !important;padding-bottom: 45px !important;}&#8221; z_index=&#8221;&#8221;][vc_column width=&#8221;1\/2&#8243;][vc_column_text]<\/p>\n<p style=\"text-align: center;\"><img loading=\"lazy\" decoding=\"async\" class=\"alignnone wp-image-475\" src=\"https:\/\/evahermann.com.br\/spa\/wp-content\/uploads\/2019\/11\/OURO.png\" alt=\"\" width=\"390\" height=\"416\" srcset=\"https:\/\/evahermann.com.br\/spa\/wp-content\/uploads\/2019\/11\/OURO.png 412w, https:\/\/evahermann.com.br\/spa\/wp-content\/uploads\/2019\/11\/OURO-282x300.png 282w\" sizes=\"auto, (max-width: 390px) 100vw, 390px\" \/><\/p>\n<p>[\/vc_column_text][\/vc_column][vc_column width=&#8221;1\/2&#8243;][vc_column_text css=&#8221;&#8221;]<\/p>\n<h1 style=\"text-align: left;\"><span style=\"color: #7a214e;\">SPA EQUL\u00cdBRIO<\/span><\/h1>\n<p>[\/vc_column_text][vc_empty_space][vc_column_text css=&#8221;&#8221;]<\/p>\n<ul>\n<li>Escalda P\u00e9s<\/li>\n<li>Reflexologia Podal<\/li>\n<li>Hidrata\u00e7\u00e3o P\u00e9s e m\u00e3os<\/li>\n<li>Drenagem Linf\u00e1tica<\/li>\n<\/ul>\n<p>[\/vc_column_text][\/vc_column][\/vc_row][vc_row css_animation=&#8221;&#8221; row_type=&#8221;row&#8221; use_row_as_full_screen_section=&#8221;no&#8221; type=&#8221;grid&#8221; angled_section=&#8221;no&#8221; text_align=&#8221;left&#8221; background_image_as_pattern=&#8221;without_pattern&#8221; css=&#8221;.vc_custom_1572997752518{padding-bottom: 45px !important;}&#8221; z_index=&#8221;&#8221;][vc_column width=&#8221;1\/2&#8243;][vc_empty_space height=&#8221;52px&#8221;][vc_column_text css=&#8221;&#8221;]<\/p>\n<h1 style=\"text-align: left;\"><span style=\"color: #7a214e;\">SPA MEU MOMENTO<\/span><\/h1>\n<p>[\/vc_column_text][vc_empty_space][vc_column_text css=&#8221;&#8221;]<\/p>\n<ul>\n<li>Banho de Hidrozonioterapia<\/li>\n<li>Massagem Relaxante<\/li>\n<\/ul>\n<p>[\/vc_column_text][\/vc_column][vc_column width=&#8221;1\/2&#8243;][vc_column_text]<\/p>\n<p style=\"text-align: center;\"><img loading=\"lazy\" decoding=\"async\" class=\"alignnone size-full wp-image-476\" src=\"https:\/\/evahermann.com.br\/spa\/wp-content\/uploads\/2019\/11\/PRATA.png\" alt=\"\" width=\"407\" height=\"431\" srcset=\"https:\/\/evahermann.com.br\/spa\/wp-content\/uploads\/2019\/11\/PRATA.png 407w, https:\/\/evahermann.com.br\/spa\/wp-content\/uploads\/2019\/11\/PRATA-283x300.png 283w\" sizes=\"auto, (max-width: 407px) 100vw, 407px\" \/><\/p>\n<p>[\/vc_column_text][\/vc_column][\/vc_row][vc_row css_animation=&#8221;&#8221; row_type=&#8221;row&#8221; use_row_as_full_screen_section=&#8221;no&#8221; type=&#8221;grid&#8221; angled_section=&#8221;no&#8221; text_align=&#8221;left&#8221; background_image_as_pattern=&#8221;without_pattern&#8221; css=&#8221;.vc_custom_1572997744150{padding-top: 45px !important;padding-bottom: 45px !important;}&#8221; z_index=&#8221;&#8221;][vc_column width=&#8221;1\/2&#8243;][vc_column_text]<\/p>\n<p style=\"text-align: center;\"><img loading=\"lazy\" decoding=\"async\" class=\"alignnone size-full wp-image-477\" src=\"https:\/\/evahermann.com.br\/spa\/wp-content\/uploads\/2019\/11\/BRONZE.png\" alt=\"\" width=\"397\" height=\"425\" srcset=\"https:\/\/evahermann.com.br\/spa\/wp-content\/uploads\/2019\/11\/BRONZE.png 397w, https:\/\/evahermann.com.br\/spa\/wp-content\/uploads\/2019\/11\/BRONZE-280x300.png 280w\" sizes=\"auto, (max-width: 397px) 100vw, 397px\" \/><\/p>\n<p>[\/vc_column_text][\/vc_column][vc_column width=&#8221;1\/2&#8243;][vc_column_text css=&#8221;&#8221;]<\/p>\n<h1 style=\"text-align: left;\"><span style=\"color: #7a214e;\">SPA DETOX<\/span><\/h1>\n<p>[\/vc_column_text][vc_empty_space][vc_column_text css=&#8221;&#8221;]<\/p>\n<ul>\n<li>Banho de Hidrozonioterapia<\/li>\n<li>Drenagem Linf\u00e1tica Corporal<\/li>\n<li>Dome Invel com Talassoterapia<\/li>\n<li>Hidrata\u00e7\u00e3o Facial com Argila<\/li>\n<\/ul>\n<p>[\/vc_column_text][\/vc_column][\/vc_row][vc_row css_animation=&#8221;&#8221; row_type=&#8221;row&#8221; use_row_as_full_screen_section=&#8221;no&#8221; type=&#8221;grid&#8221; angled_section=&#8221;no&#8221; text_align=&#8221;left&#8221; background_image_as_pattern=&#8221;without_pattern&#8221; css=&#8221;.vc_custom_1572997744150{padding-top: 45px !important;padding-bottom: 45px !important;}&#8221; z_index=&#8221;&#8221;][vc_column width=&#8221;1\/2&#8243;][vc_column_text]<\/p>\n<h1 style=\"text-align: left;\"><span style=\"color: #7a214e;\">BANHO DE HIDROZONIOTERAPIA<\/span><\/h1>\n<p>[\/vc_column_text][vc_empty_space][vc_column_text]<span style=\"color: #000000;\">Descongestionar os poros, cicatrizante, antinflamat\u00f3rio, antiestressante, relaxante, revitalizante celular, melhora oxigena\u00e7\u00e3o cut\u00e2nea.<\/span><\/p>\n<p><span style=\"color: #000000;\">Elimina toxinas, fungos e impurezas, diminui celulite, aumenta circula\u00e7\u00e3o perif\u00e9rica, promove fortalecimento muscular, melhora dist\u00farbios do sono.<\/span>[\/vc_column_text][\/vc_column][vc_column width=&#8221;1\/2&#8243;][vc_column_text]<\/p>\n<p style=\"text-align: center;\"><img loading=\"lazy\" decoding=\"async\" class=\"alignnone wp-image-482\" src=\"https:\/\/evahermann.com.br\/spa\/wp-content\/uploads\/2019\/11\/banho-1.png\" alt=\"\" width=\"390\" height=\"353\" srcset=\"https:\/\/evahermann.com.br\/spa\/wp-content\/uploads\/2019\/11\/banho-1.png 470w, https:\/\/evahermann.com.br\/spa\/wp-content\/uploads\/2019\/11\/banho-1-300x271.png 300w\" sizes=\"auto, (max-width: 390px) 100vw, 390px\" \/><\/p>\n<p>[\/vc_column_text][\/vc_column][\/vc_row][vc_row css_animation=&#8221;&#8221; row_type=&#8221;row&#8221; use_row_as_full_screen_section=&#8221;no&#8221; type=&#8221;grid&#8221; angled_section=&#8221;no&#8221; text_align=&#8221;left&#8221; background_image_as_pattern=&#8221;without_pattern&#8221; css=&#8221;.vc_custom_1572997752518{padding-bottom: 45px !important;}&#8221; z_index=&#8221;&#8221;][vc_column width=&#8221;1\/2&#8243;][vc_empty_space height=&#8221;52px&#8221;][vc_column_text]<\/p>\n<h1 style=\"text-align: left;\"><span style=\"color: #7a214e;\">MASSAGEM RELAXANTE<\/span><\/h1>\n<p>[\/vc_column_text][vc_empty_space][vc_column_text]<span style=\"color: #000000;\">\u00c9 uma troca de energia, que atrav\u00e9s de t\u00e9cnicas de deslizamento, fric\u00e7\u00e3o e amassamento, se trabalha o sistema circulat\u00f3rio, linf\u00e1tico, nervoso e energ\u00e9tico, causando a descontra\u00e7\u00e3o do corpo e da mente, combatendo a fadiga f\u00edsica e mental.<\/span>[\/vc_column_text][\/vc_column][vc_column width=&#8221;1\/2&#8243;][vc_column_text]<\/p>\n<p style=\"text-align: center;\"><img loading=\"lazy\" decoding=\"async\" class=\"alignnone wp-image-484 size-full\" src=\"https:\/\/evahermann.com.br\/spa\/wp-content\/uploads\/2019\/11\/MASS.png\" alt=\"\" width=\"368\" height=\"411\" srcset=\"https:\/\/evahermann.com.br\/spa\/wp-content\/uploads\/2019\/11\/MASS.png 368w, https:\/\/evahermann.com.br\/spa\/wp-content\/uploads\/2019\/11\/MASS-269x300.png 269w\" sizes=\"auto, (max-width: 368px) 100vw, 368px\" \/><\/p>\n<p>[\/vc_column_text][\/vc_column][\/vc_row][vc_row css_animation=&#8221;&#8221; row_type=&#8221;row&#8221; use_row_as_full_screen_section=&#8221;no&#8221; type=&#8221;grid&#8221; angled_section=&#8221;no&#8221; text_align=&#8221;left&#8221; background_image_as_pattern=&#8221;without_pattern&#8221; css=&#8221;.vc_custom_1572997744150{padding-top: 45px !important;padding-bottom: 45px !important;}&#8221; z_index=&#8221;&#8221;][vc_column width=&#8221;1\/2&#8243;][vc_column_text]<\/p>\n<p style=\"text-align: center;\"><img loading=\"lazy\" decoding=\"async\" class=\"alignnone wp-image-486 size-full\" src=\"https:\/\/evahermann.com.br\/spa\/wp-content\/uploads\/2019\/11\/PEDRAS.png\" alt=\"\" width=\"365\" height=\"409\" srcset=\"https:\/\/evahermann.com.br\/spa\/wp-content\/uploads\/2019\/11\/PEDRAS.png 365w, https:\/\/evahermann.com.br\/spa\/wp-content\/uploads\/2019\/11\/PEDRAS-268x300.png 268w\" sizes=\"auto, (max-width: 365px) 100vw, 365px\" \/><\/p>\n<p>[\/vc_column_text][\/vc_column][vc_column width=&#8221;1\/2&#8243;][vc_column_text]<\/p>\n<h1 style=\"text-align: left;\"><span style=\"color: #7a214e;\">MASSAGEM COM PEDRAS QUENTES<\/span><\/h1>\n<p>[\/vc_column_text][vc_empty_space][vc_column_text]<span style=\"color: #000000;\">Sua efic\u00e1cia j\u00e1 foi comprovada garantindo novos espa\u00e7os para esta poderosa terapia natural de cura. A temperatura \u00e9 um elemento fundamental no processo deste tratamento e as pedras podem ser utilizadas, quentes ou frias.<\/span><\/p>\n<p><span style=\"color: #000000;\">Ao usar o calor e frio simultaneamente ou de forma alternada, aumenta-se o fluxo sangu\u00edneo, linf\u00e1tico e de outros flu\u00eddos corp\u00f3reos promovendo uma \u00f3tima terapia de desintoxica\u00e7\u00e3o, emagrecimento e desobstru\u00e7\u00e3o das vias energ\u00e9ticas.<\/span>[\/vc_column_text][\/vc_column][\/vc_row][vc_row css_animation=&#8221;&#8221; row_type=&#8221;row&#8221; use_row_as_full_screen_section=&#8221;no&#8221; type=&#8221;grid&#8221; angled_section=&#8221;no&#8221; text_align=&#8221;left&#8221; background_image_as_pattern=&#8221;without_pattern&#8221; css=&#8221;.vc_custom_1572997752518{padding-bottom: 45px !important;}&#8221; z_index=&#8221;&#8221;][vc_column width=&#8221;1\/2&#8243;][vc_empty_space height=&#8221;52px&#8221;][vc_column_text]<\/p>\n<h1 style=\"text-align: left;\"><span style=\"color: #7a214e;\">MASSAGEM COM BAMBU<\/span><\/h1>\n<p>[\/vc_column_text][vc_empty_space][vc_column_text]<span style=\"color: #000000;\">A t\u00e9cnica de bambuterapia \u00e9 feita com pequenas hastes de bambus de diferentes tamanhos e seu grande diferencial \u00e9 a intensidade na elimina\u00e7\u00e3o das gorduras corporais. A t\u00e9cnica \u00e9 usada como terapia auxiliar para diversos tratamentos, levando em conta seus in\u00fameros benef\u00edcios trazidos pela pr\u00e1tica.<\/span>[\/vc_column_text][\/vc_column][vc_column width=&#8221;1\/2&#8243;][vc_column_text]<\/p>\n<p style=\"text-align: center;\"><img loading=\"lazy\" decoding=\"async\" class=\"alignnone wp-image-487 size-full\" src=\"https:\/\/evahermann.com.br\/spa\/wp-content\/uploads\/2019\/11\/BAMBU.png\" alt=\"\" width=\"355\" height=\"399\" srcset=\"https:\/\/evahermann.com.br\/spa\/wp-content\/uploads\/2019\/11\/BAMBU.png 355w, https:\/\/evahermann.com.br\/spa\/wp-content\/uploads\/2019\/11\/BAMBU-267x300.png 267w\" sizes=\"auto, (max-width: 355px) 100vw, 355px\" \/><\/p>\n<p>[\/vc_column_text][\/vc_column][\/vc_row][vc_row css_animation=&#8221;&#8221; row_type=&#8221;row&#8221; use_row_as_full_screen_section=&#8221;no&#8221; type=&#8221;grid&#8221; angled_section=&#8221;no&#8221; text_align=&#8221;left&#8221; background_image_as_pattern=&#8221;without_pattern&#8221; css=&#8221;.vc_custom_1572997744150{padding-top: 45px !important;padding-bottom: 45px !important;}&#8221; z_index=&#8221;&#8221;][vc_column width=&#8221;1\/2&#8243;][vc_column_text]<\/p>\n<p style=\"text-align: center;\"><img loading=\"lazy\" decoding=\"async\" class=\"alignnone wp-image-488\" src=\"https:\/\/evahermann.com.br\/spa\/wp-content\/uploads\/2019\/11\/VELAS.png\" alt=\"\" width=\"390\" height=\"375\" srcset=\"https:\/\/evahermann.com.br\/spa\/wp-content\/uploads\/2019\/11\/VELAS.png 577w, https:\/\/evahermann.com.br\/spa\/wp-content\/uploads\/2019\/11\/VELAS-300x289.png 300w\" sizes=\"auto, (max-width: 390px) 100vw, 390px\" \/><\/p>\n<p>[\/vc_column_text][\/vc_column][vc_column width=&#8221;1\/2&#8243;][vc_column_text]<\/p>\n<h1 style=\"text-align: left;\"><span style=\"color: #7a214e;\">MASSAGEM COM VELAS<\/span><\/h1>\n<p>[\/vc_column_text][vc_empty_space][vc_column_text]<span style=\"color: #000000;\">As velas s\u00e3o aquecidas at\u00e9 entrarem em estado l\u00edquido, e logo que regadas no corpo s\u00e3o realizadas manobras de deslizamento e compress\u00f5es, que auxiliam a absor\u00e7\u00e3o do produto.<\/span><\/p>\n<p><span style=\"color: #000000;\">Trata-se de velas produzidas com um tipo especial de cera vegetal derretida e \u00f3leo essencial de diversos aromas. A sensa\u00e7\u00e3o de um fio quente de vela derretida, escorrendo pelo corpo \u00e9 bastante agrad\u00e1vel e relaxante.<\/span>[\/vc_column_text][\/vc_column][\/vc_row][vc_row css_animation=&#8221;&#8221; row_type=&#8221;row&#8221; use_row_as_full_screen_section=&#8221;no&#8221; type=&#8221;grid&#8221; angled_section=&#8221;no&#8221; text_align=&#8221;left&#8221; background_image_as_pattern=&#8221;without_pattern&#8221; css=&#8221;.vc_custom_1572997752518{padding-bottom: 45px !important;}&#8221; z_index=&#8221;&#8221;][vc_column width=&#8221;1\/2&#8243;][vc_empty_space height=&#8221;52px&#8221;][vc_column_text]<\/p>\n<h1 style=\"text-align: left;\"><span style=\"color: #7a214e;\">MASSAGEM COM PINDAS CHINESAS<\/span><\/h1>\n<p>[\/vc_column_text][vc_empty_space][vc_column_text]<span style=\"color: #000000;\">A massagem com pindas ajuda na desintoxica\u00e7\u00e3o corporal e reequilibra o corpo, deixando o estado f\u00edsico e mental em total harmonia. Durante a massagem, as pindas s\u00e3o aquecidas, o que acentua os benef\u00edcios produzidos pelas ervas, sem falar do efeito relaxante transmitido pelo calor.<\/span><\/p>\n<p><span style=\"color: #000000;\">Usam-se tamb\u00e9m \u00f3leo vegetal aquecido e \u00f3leos essenciais, aproveitando os benef\u00edcios da aromaterapia. A sensa\u00e7\u00e3o \u00e9 de bem-estar e relaxamento<\/span>[\/vc_column_text][\/vc_column][vc_column width=&#8221;1\/2&#8243;][vc_column_text]<\/p>\n<p style=\"text-align: center;\"><img loading=\"lazy\" decoding=\"async\" class=\"alignnone wp-image-490\" src=\"https:\/\/evahermann.com.br\/spa\/wp-content\/uploads\/2019\/11\/pindas.png\" alt=\"\" width=\"390\" height=\"372\" srcset=\"https:\/\/evahermann.com.br\/spa\/wp-content\/uploads\/2019\/11\/pindas.png 565w, https:\/\/evahermann.com.br\/spa\/wp-content\/uploads\/2019\/11\/pindas-300x286.png 300w\" sizes=\"auto, (max-width: 390px) 100vw, 390px\" \/><\/p>\n<p>[\/vc_column_text][\/vc_column][\/vc_row][vc_row css_animation=&#8221;&#8221; row_type=&#8221;row&#8221; use_row_as_full_screen_section=&#8221;no&#8221; type=&#8221;grid&#8221; angled_section=&#8221;no&#8221; text_align=&#8221;left&#8221; background_image_as_pattern=&#8221;without_pattern&#8221; css=&#8221;.vc_custom_1572997744150{padding-top: 45px !important;padding-bottom: 45px !important;}&#8221; z_index=&#8221;&#8221;][vc_column width=&#8221;1\/2&#8243;][vc_column_text]<\/p>\n<p style=\"text-align: center;\"><img loading=\"lazy\" decoding=\"async\" class=\"alignnone wp-image-492\" src=\"https:\/\/evahermann.com.br\/spa\/wp-content\/uploads\/2019\/11\/DOME-1.png\" alt=\"\" width=\"390\" height=\"372\" srcset=\"https:\/\/evahermann.com.br\/spa\/wp-content\/uploads\/2019\/11\/DOME-1.png 559w, https:\/\/evahermann.com.br\/spa\/wp-content\/uploads\/2019\/11\/DOME-1-300x286.png 300w\" sizes=\"auto, (max-width: 390px) 100vw, 390px\" \/><\/p>\n<p>[\/vc_column_text][\/vc_column][vc_column width=&#8221;1\/2&#8243;][vc_column_text]<\/p>\n<h1 style=\"text-align: left;\"><span style=\"color: #7a214e;\">DOME INVEL<\/span><\/h1>\n<p>[\/vc_column_text][vc_empty_space][vc_column_text]<span style=\"color: #000000;\">Emissor de infravermelho longo, excelente para ativar a circula\u00e7\u00e3o sangu\u00ednea, eliminar toxinas e impurezas, produzindo melhor irriga\u00e7\u00e3o local estimulando as fun\u00e7\u00f5es vitais das mol\u00e9culas de \u00e1gua e a hidrata\u00e7\u00e3o da pele, al\u00e9m de produzir um intenso relaxamento muscular. \u00c9 utilizado em tratamentos para redu\u00e7\u00e3o de gordura localizada e celulite<\/span>[\/vc_column_text][\/vc_column][\/vc_row][vc_row css_animation=&#8221;&#8221; row_type=&#8221;row&#8221; use_row_as_full_screen_section=&#8221;no&#8221; type=&#8221;grid&#8221; angled_section=&#8221;no&#8221; text_align=&#8221;left&#8221; background_image_as_pattern=&#8221;without_pattern&#8221; css=&#8221;.vc_custom_1572997752518{padding-bottom: 45px !important;}&#8221; z_index=&#8221;&#8221;][vc_column width=&#8221;1\/2&#8243;][vc_empty_space height=&#8221;52px&#8221;][vc_column_text]<\/p>\n<h1 style=\"text-align: left;\"><span style=\"color: #7a214e;\">TALASSOTERAPIA<\/span><\/h1>\n<p>[\/vc_column_text][vc_empty_space][vc_column_text]<span style=\"color: #000000;\">Utiliza\u00e7\u00e3o da argila como recurso terap\u00eautico, aumentando a permeabilidade cut\u00e2nea. Pode ser associada a tratamentos para gordura localizada, celulite, estrias e como fim terap\u00eautico para desintoxica\u00e7\u00e3o e hidrata\u00e7\u00e3o da pele.<\/span>[\/vc_column_text][\/vc_column][vc_column width=&#8221;1\/2&#8243;][vc_column_text]<\/p>\n<p style=\"text-align: center;\"><img loading=\"lazy\" decoding=\"async\" class=\"alignnone size-full wp-image-494\" src=\"https:\/\/evahermann.com.br\/spa\/wp-content\/uploads\/2019\/11\/Talassoterapia-1024x724.png\" alt=\"\" width=\"1024\" height=\"724\" srcset=\"https:\/\/evahermann.com.br\/spa\/wp-content\/uploads\/2019\/11\/Talassoterapia-1024x724.png 1024w, https:\/\/evahermann.com.br\/spa\/wp-content\/uploads\/2019\/11\/Talassoterapia-1024x724-300x212.png 300w, https:\/\/evahermann.com.br\/spa\/wp-content\/uploads\/2019\/11\/Talassoterapia-1024x724-768x543.png 768w, https:\/\/evahermann.com.br\/spa\/wp-content\/uploads\/2019\/11\/Talassoterapia-1024x724-700x495.png 700w\" sizes=\"auto, (max-width: 1024px) 100vw, 1024px\" \/><\/p>\n<p>[\/vc_column_text][\/vc_column][\/vc_row][vc_row css_animation=&#8221;&#8221; row_type=&#8221;row&#8221; use_row_as_full_screen_section=&#8221;no&#8221; type=&#8221;grid&#8221; angled_section=&#8221;no&#8221; text_align=&#8221;left&#8221; background_image_as_pattern=&#8221;without_pattern&#8221; css=&#8221;.vc_custom_1572997744150{padding-top: 45px !important;padding-bottom: 45px !important;}&#8221; z_index=&#8221;&#8221;][vc_column width=&#8221;1\/2&#8243;][vc_column_text]<\/p>\n<p style=\"text-align: center;\"><img loading=\"lazy\" decoding=\"async\" class=\"alignnone size-full wp-image-496\" src=\"https:\/\/evahermann.com.br\/spa\/wp-content\/uploads\/2019\/11\/hidrata\u00e7\u00e3o-facial-1024x724-1.png\" alt=\"\" width=\"1024\" height=\"724\" srcset=\"https:\/\/evahermann.com.br\/spa\/wp-content\/uploads\/2019\/11\/hidrata\u00e7\u00e3o-facial-1024x724-1.png 1024w, https:\/\/evahermann.com.br\/spa\/wp-content\/uploads\/2019\/11\/hidrata\u00e7\u00e3o-facial-1024x724-1-300x212.png 300w, https:\/\/evahermann.com.br\/spa\/wp-content\/uploads\/2019\/11\/hidrata\u00e7\u00e3o-facial-1024x724-1-768x543.png 768w, https:\/\/evahermann.com.br\/spa\/wp-content\/uploads\/2019\/11\/hidrata\u00e7\u00e3o-facial-1024x724-1-700x495.png 700w\" sizes=\"auto, (max-width: 1024px) 100vw, 1024px\" \/><\/p>\n<p>[\/vc_column_text][\/vc_column][vc_column width=&#8221;1\/2&#8243;][vc_column_text]<\/p>\n<h1 style=\"text-align: left;\"><span style=\"color: #7a214e;\">HIDRATA\u00c7\u00c3O FACIAL<\/span><\/h1>\n<p>[\/vc_column_text][vc_empty_space][vc_column_text]<span style=\"color: #000000;\">Tratamento est\u00e9tico cujo processo de nutri\u00e7\u00e3o e hidrata\u00e7\u00e3o da pele do rosto \u00e9 feito com produtos que cont\u00e9m princ\u00edpios ativos regenerantes e hidratantes , favorecendo a elasticidade e a luminosidade dos tecidos e mantendo o equil\u00edbrio da pele.<\/span>[\/vc_column_text][\/vc_column][\/vc_row][vc_row css_animation=&#8221;&#8221; row_type=&#8221;row&#8221; use_row_as_full_screen_section=&#8221;no&#8221; type=&#8221;grid&#8221; angled_section=&#8221;no&#8221; text_align=&#8221;left&#8221; background_image_as_pattern=&#8221;without_pattern&#8221; css=&#8221;.vc_custom_1572997752518{padding-bottom: 45px !important;}&#8221; z_index=&#8221;&#8221;][vc_column width=&#8221;1\/2&#8243;][vc_empty_space height=&#8221;52px&#8221;][vc_column_text]<\/p>\n<h1 style=\"text-align: left;\"><span style=\"color: #7a214e;\">HIDRATA\u00c7\u00c3O P\u00c9S E M\u00c3OS<\/span><\/h1>\n<p>[\/vc_column_text][vc_empty_space][vc_column_text]<span style=\"color: #000000;\">Esfolia\u00e7\u00e3o com sabonete para retirada de c\u00e9lulas mortas, e aplica\u00e7\u00e3o de sebo hidratante.<\/span>[\/vc_column_text][\/vc_column][vc_column width=&#8221;1\/2&#8243;][vc_column_text]<\/p>\n<p style=\"text-align: center;\"><img loading=\"lazy\" decoding=\"async\" class=\"alignnone size-full wp-image-497\" src=\"https:\/\/evahermann.com.br\/spa\/wp-content\/uploads\/2019\/11\/pesmaos-1.png\" alt=\"\" width=\"352\" height=\"331\" srcset=\"https:\/\/evahermann.com.br\/spa\/wp-content\/uploads\/2019\/11\/pesmaos-1.png 352w, https:\/\/evahermann.com.br\/spa\/wp-content\/uploads\/2019\/11\/pesmaos-1-300x282.png 300w\" sizes=\"auto, (max-width: 352px) 100vw, 352px\" \/><\/p>\n<p>[\/vc_column_text][\/vc_column][\/vc_row][vc_row css_animation=&#8221;&#8221; row_type=&#8221;row&#8221; use_row_as_full_screen_section=&#8221;no&#8221; type=&#8221;grid&#8221; angled_section=&#8221;no&#8221; text_align=&#8221;left&#8221; background_image_as_pattern=&#8221;without_pattern&#8221; css=&#8221;.vc_custom_1572997744150{padding-top: 45px !important;padding-bottom: 45px !important;}&#8221; z_index=&#8221;&#8221;][vc_column width=&#8221;1\/2&#8243;][vc_column_text]<\/p>\n<p style=\"text-align: center;\"><img loading=\"lazy\" decoding=\"async\" class=\"alignnone wp-image-499\" src=\"https:\/\/evahermann.com.br\/spa\/wp-content\/uploads\/2019\/11\/CROMO.png\" alt=\"\" width=\"390\" height=\"370\" srcset=\"https:\/\/evahermann.com.br\/spa\/wp-content\/uploads\/2019\/11\/CROMO.png 553w, https:\/\/evahermann.com.br\/spa\/wp-content\/uploads\/2019\/11\/CROMO-300x285.png 300w\" sizes=\"auto, (max-width: 390px) 100vw, 390px\" \/><\/p>\n<p>[\/vc_column_text][\/vc_column][vc_column width=&#8221;1\/2&#8243;][vc_column_text]<\/p>\n<h1 style=\"text-align: left;\"><span style=\"color: #7a214e;\">CROMOTERAPIA<\/span><\/h1>\n<p>[\/vc_column_text][vc_empty_space][vc_column_text]<span style=\"color: #000000;\">A utiliza\u00e7\u00e3o das cores para reequil\u00edbrio energ\u00e9tico e dos chakras do nosso organismo, trabalhando tanto a parte f\u00edsica e dos \u00f3rg\u00e3os, quanto a parte mental e emocional<\/span>[\/vc_column_text][\/vc_column][\/vc_row][vc_row css_animation=&#8221;&#8221; row_type=&#8221;row&#8221; use_row_as_full_screen_section=&#8221;no&#8221; type=&#8221;grid&#8221; angled_section=&#8221;no&#8221; text_align=&#8221;left&#8221; background_image_as_pattern=&#8221;without_pattern&#8221; css=&#8221;.vc_custom_1572997752518{padding-bottom: 45px !important;}&#8221; z_index=&#8221;&#8221;][vc_column width=&#8221;1\/2&#8243;][vc_empty_space height=&#8221;52px&#8221;][vc_column_text]<\/p>\n<h1 style=\"text-align: left;\"><span style=\"color: #7a214e;\">ESFOLIA\u00c7\u00c3O CORPORAL<\/span><\/h1>\n<p>[\/vc_column_text][vc_empty_space][vc_column_text]<span style=\"color: #000000;\">Sabonete esfoliante para retirada de excesso de c\u00e9lulas mortas do organismo, promovendo uma renova\u00e7\u00e3o da camada mais superficial da pele.<\/span>[\/vc_column_text][\/vc_column][vc_column width=&#8221;1\/2&#8243;][vc_column_text]<\/p>\n<p style=\"text-align: center;\"><img loading=\"lazy\" decoding=\"async\" class=\"alignnone size-full wp-image-501\" src=\"https:\/\/evahermann.com.br\/spa\/wp-content\/uploads\/2019\/11\/ESFOLIACAO-1.png\" alt=\"\" width=\"400\" height=\"405\" srcset=\"https:\/\/evahermann.com.br\/spa\/wp-content\/uploads\/2019\/11\/ESFOLIACAO-1.png 400w, https:\/\/evahermann.com.br\/spa\/wp-content\/uploads\/2019\/11\/ESFOLIACAO-1-296x300.png 296w\" sizes=\"auto, (max-width: 400px) 100vw, 400px\" \/><\/p>\n<p>[\/vc_column_text][\/vc_column][\/vc_row][vc_row css_animation=&#8221;&#8221; row_type=&#8221;row&#8221; use_row_as_full_screen_section=&#8221;no&#8221; type=&#8221;grid&#8221; angled_section=&#8221;no&#8221; text_align=&#8221;left&#8221; background_image_as_pattern=&#8221;without_pattern&#8221; css=&#8221;.vc_custom_1572997744150{padding-top: 45px !important;padding-bottom: 45px !important;}&#8221; z_index=&#8221;&#8221;][vc_column width=&#8221;1\/2&#8243;][vc_column_text]<\/p>\n<p style=\"text-align: center;\"><img loading=\"lazy\" decoding=\"async\" class=\"alignnone wp-image-503\" src=\"https:\/\/evahermann.com.br\/spa\/wp-content\/uploads\/2019\/11\/banhodelua-1.png\" alt=\"\" width=\"390\" height=\"392\" srcset=\"https:\/\/evahermann.com.br\/spa\/wp-content\/uploads\/2019\/11\/banhodelua-1.png 438w, https:\/\/evahermann.com.br\/spa\/wp-content\/uploads\/2019\/11\/banhodelua-1-150x150.png 150w\" sizes=\"auto, (max-width: 390px) 100vw, 390px\" \/><\/p>\n<p>[\/vc_column_text][\/vc_column][vc_column width=&#8221;1\/2&#8243;][vc_column_text]<\/p>\n<h1 style=\"text-align: left;\"><span style=\"color: #7a214e;\">BANHO DE LUA<\/span><\/h1>\n<p>[\/vc_column_text][vc_empty_space][vc_column_text]<span style=\"color: #000000;\">Clareamento dos pelos corporais.<\/span>[\/vc_column_text][\/vc_column][\/vc_row][vc_row css_animation=&#8221;&#8221; row_type=&#8221;row&#8221; use_row_as_full_screen_section=&#8221;no&#8221; type=&#8221;grid&#8221; angled_section=&#8221;no&#8221; text_align=&#8221;left&#8221; background_image_as_pattern=&#8221;without_pattern&#8221; css=&#8221;.vc_custom_1572997752518{padding-bottom: 45px !important;}&#8221; z_index=&#8221;&#8221;][vc_column width=&#8221;1\/2&#8243;][vc_empty_space height=&#8221;52px&#8221;][vc_column_text]<\/p>\n<h1 style=\"text-align: left;\"><span style=\"color: #7a214e;\">LIMPEZA DO F\u00cdGADO COM HIDROVITALIS<\/span><\/h1>\n<p>[\/vc_column_text][vc_empty_space][vc_column_text]<span style=\"color: #000000;\">Moderno processo de desintoxica\u00e7\u00e3o, que associa a \u00e1gua \u00e0 microcorrentes e frequ\u00eancias, cria um campo altamente prop\u00edcio que o organismo responda, descarregando na \u00e1gua as toxinas.<\/span><\/p>\n<p><span style=\"color: #000000;\">Um tratamento com Hidrovitalis, ajuda a rebalancear as energias e desintoxicar o organismo, gerando sa\u00fade e bem estar.<\/span>[\/vc_column_text][\/vc_column][vc_column width=&#8221;1\/2&#8243;][vc_column_text]<\/p>\n<p style=\"text-align: center;\"><img loading=\"lazy\" decoding=\"async\" class=\"alignnone wp-image-505\" src=\"https:\/\/evahermann.com.br\/spa\/wp-content\/uploads\/2019\/11\/HIDROV.png\" alt=\"\" width=\"390\" height=\"366\" srcset=\"https:\/\/evahermann.com.br\/spa\/wp-content\/uploads\/2019\/11\/HIDROV.png 553w, https:\/\/evahermann.com.br\/spa\/wp-content\/uploads\/2019\/11\/HIDROV-300x282.png 300w\" sizes=\"auto, (max-width: 390px) 100vw, 390px\" \/><\/p>\n<p>[\/vc_column_text][\/vc_column][\/vc_row][vc_row css_animation=&#8221;&#8221; row_type=&#8221;row&#8221; use_row_as_full_screen_section=&#8221;no&#8221; type=&#8221;grid&#8221; angled_section=&#8221;no&#8221; text_align=&#8221;left&#8221; background_image_as_pattern=&#8221;without_pattern&#8221; css=&#8221;.vc_custom_1572997744150{padding-top: 45px !important;padding-bottom: 45px !important;}&#8221; z_index=&#8221;&#8221;][vc_column width=&#8221;1\/2&#8243;][vc_column_text]<\/p>\n<p style=\"text-align: center;\"><img loading=\"lazy\" decoding=\"async\" class=\"alignnone wp-image-507\" src=\"https:\/\/evahermann.com.br\/spa\/wp-content\/uploads\/2019\/11\/DRENAGEM.png\" alt=\"\" width=\"390\" height=\"366\" srcset=\"https:\/\/evahermann.com.br\/spa\/wp-content\/uploads\/2019\/11\/DRENAGEM.png 544w, https:\/\/evahermann.com.br\/spa\/wp-content\/uploads\/2019\/11\/DRENAGEM-300x281.png 300w\" sizes=\"auto, (max-width: 390px) 100vw, 390px\" \/><\/p>\n<p>[\/vc_column_text][\/vc_column][vc_column width=&#8221;1\/2&#8243;][vc_column_text]<\/p>\n<h1 style=\"text-align: left;\"><span style=\"color: #7a214e;\">DRENAGEM LINF\u00c1TICA<\/span><\/h1>\n<p>[\/vc_column_text][vc_empty_space][vc_column_text]<span style=\"color: #000000;\">Est\u00edmulo atrav\u00e9s das m\u00e3os, para descongestionar os linfonodos para absor\u00e7\u00e3o do excesso de l\u00edquido linf\u00e1tico.<\/span>[\/vc_column_text][\/vc_column][\/vc_row][vc_row css_animation=&#8221;&#8221; row_type=&#8221;row&#8221; use_row_as_full_screen_section=&#8221;no&#8221; type=&#8221;grid&#8221; angled_section=&#8221;no&#8221; text_align=&#8221;left&#8221; background_image_as_pattern=&#8221;without_pattern&#8221; css=&#8221;.vc_custom_1572997752518{padding-bottom: 45px !important;}&#8221; z_index=&#8221;&#8221;][vc_column width=&#8221;1\/2&#8243;][vc_empty_space height=&#8221;52px&#8221;][vc_column_text]<\/p>\n<h1 style=\"text-align: left;\"><span style=\"color: #7a214e;\">LIMPEZA DE PELE COM PEELING ULTRASS\u00d4NICO<\/span><\/h1>\n<p>[\/vc_column_text][vc_empty_space][vc_column_text]<span style=\"color: #000000;\">Limpeza de pele sem dor, para renova\u00e7\u00e3o e limpeza da pele facial. Regula a <\/span><span style=\"color: #000000;\">secre\u00e7\u00e3o seb\u00e1cea auxiliando na retirada de cravos e espinhas.<\/span>[\/vc_column_text][\/vc_column][vc_column width=&#8221;1\/2&#8243;][vc_column_text]<\/p>\n<p style=\"text-align: center;\"><img loading=\"lazy\" decoding=\"async\" class=\"alignnone wp-image-509\" src=\"https:\/\/evahermann.com.br\/spa\/wp-content\/uploads\/2019\/11\/limpeza-de-pele-peeling-ultrass\u00f4nico-1024x724-1.png\" alt=\"\" width=\"390\" height=\"276\" srcset=\"https:\/\/evahermann.com.br\/spa\/wp-content\/uploads\/2019\/11\/limpeza-de-pele-peeling-ultrass\u00f4nico-1024x724-1.png 1024w, https:\/\/evahermann.com.br\/spa\/wp-content\/uploads\/2019\/11\/limpeza-de-pele-peeling-ultrass\u00f4nico-1024x724-1-300x212.png 300w, https:\/\/evahermann.com.br\/spa\/wp-content\/uploads\/2019\/11\/limpeza-de-pele-peeling-ultrass\u00f4nico-1024x724-1-768x543.png 768w, https:\/\/evahermann.com.br\/spa\/wp-content\/uploads\/2019\/11\/limpeza-de-pele-peeling-ultrass\u00f4nico-1024x724-1-700x495.png 700w\" sizes=\"auto, (max-width: 390px) 100vw, 390px\" \/><\/p>\n<p>[\/vc_column_text][\/vc_column][\/vc_row][vc_row css_animation=&#8221;&#8221; row_type=&#8221;row&#8221; use_row_as_full_screen_section=&#8221;no&#8221; type=&#8221;grid&#8221; angled_section=&#8221;no&#8221; text_align=&#8221;left&#8221; background_image_as_pattern=&#8221;without_pattern&#8221; css=&#8221;.vc_custom_1572997744150{padding-top: 45px !important;padding-bottom: 45px !important;}&#8221; z_index=&#8221;&#8221;][vc_column width=&#8221;1\/2&#8243;][vc_column_text]<\/p>\n<p style=\"text-align: center;\"><img loading=\"lazy\" decoding=\"async\" class=\"alignnone wp-image-511\" src=\"https:\/\/evahermann.com.br\/spa\/wp-content\/uploads\/2019\/11\/REIKI.png\" alt=\"\" width=\"400\" height=\"388\" srcset=\"https:\/\/evahermann.com.br\/spa\/wp-content\/uploads\/2019\/11\/REIKI.png 511w, https:\/\/evahermann.com.br\/spa\/wp-content\/uploads\/2019\/11\/REIKI-300x291.png 300w\" sizes=\"auto, (max-width: 400px) 100vw, 400px\" \/><\/p>\n<p>[\/vc_column_text][\/vc_column][vc_column width=&#8221;1\/2&#8243;][vc_column_text]<\/p>\n<h1 style=\"text-align: left;\"><span style=\"color: #7a214e;\">REIKI<\/span><\/h1>\n<p>[\/vc_column_text][vc_empty_space][vc_column_text]<span style=\"color: #000000;\">O Reiki \u00e9 uma t\u00e9cnica japonesa para redu\u00e7\u00e3o de estresse e relaxamento que promove a cura. \u00e9 transmitido atrav\u00e9s da imposi\u00e7\u00e3o de m\u00e3os e baseia se na ideia de que uma energia vital flui atrav\u00e9s de n\u00f3s e \u00e9 o que nos faz estarmos vivos. O reiki trata a pessoa como um todo, incluindo corpo, emo\u00e7\u00e3o, mente e espirito, criando muitos efeitos ben\u00e9ficos que incluem relaxamento e um profundo sentimento de paz, seguran\u00e7a e bem estar. \u00e9 um m\u00e9todo simples , natural e seguro de cura espiritual e melhora que todos podem usar.<\/span>[\/vc_column_text][\/vc_column][\/vc_row]<\/p>\n<\/div>","protected":false},"excerpt":{"rendered":"<p>[vc_row css_animation=&#8221;&#8221; row_type=&#8221;row&#8221; use_row_as_full_screen_section=&#8221;no&#8221; type=&#8221;grid&#8221; angled_section=&#8221;no&#8221; text_align=&#8221;left&#8221; background_image_as_pattern=&#8221;without_pattern&#8221; css=&#8221;.vc_custom_1573123167535{padding-top: 45px !important;padding-bottom: 45px !important;}&#8221; z_index=&#8221;&#8221;][vc_column width=&#8221;1\/2&#8243;][vc_column_text] [\/vc_column_text][\/vc_column][vc_column width=&#8221;1\/2&#8243;][vc_column_text] SPA TERNURA [\/vc_column_text][vc_empty_space][vc_column_text]Aquele carinho especial que todo mundo gosta de receber. &nbsp; Hidrata\u00e7\u00e3o Facial Massagem relaxante Banho de Hidrozonioterapia [\/vc_column_text][\/vc_column][\/vc_row][vc_row css_animation=&#8221;&#8221; row_type=&#8221;row&#8221; use_row_as_full_screen_section=&#8221;no&#8221; type=&#8221;grid&#8221; angled_section=&#8221;no&#8221; text_align=&#8221;left&#8221; background_image_as_pattern=&#8221;without_pattern&#8221; css=&#8221;.vc_custom_1572997744150{padding-top:&#8230;<\/p>\n","protected":false},"author":3,"featured_media":0,"parent":0,"menu_order":0,"comment_status":"closed","ping_status":"closed","template":"full_width.php","meta":{"footnotes":""},"class_list":["post-169","page","type-page","status-publish","hentry"],"_links":{"self":[{"href":"https:\/\/evahermann.com.br\/spa\/wp-json\/wp\/v2\/pages\/169","targetHints":{"allow":["GET"]}}],"collection":[{"href":"https:\/\/evahermann.com.br\/spa\/wp-json\/wp\/v2\/pages"}],"about":[{"href":"https:\/\/evahermann.com.br\/spa\/wp-json\/wp\/v2\/types\/page"}],"author":[{"embeddable":true,"href":"https:\/\/evahermann.com.br\/spa\/wp-json\/wp\/v2\/users\/3"}],"replies":[{"embeddable":true,"href":"https:\/\/evahermann.com.br\/spa\/wp-json\/wp\/v2\/comments?post=169"}],"version-history":[{"count":56,"href":"https:\/\/evahermann.com.br\/spa\/wp-json\/wp\/v2\/pages\/169\/revisions"}],"predecessor-version":[{"id":740,"href":"https:\/\/evahermann.com.br\/spa\/wp-json\/wp\/v2\/pages\/169\/revisions\/740"}],"wp:attachment":[{"href":"https:\/\/evahermann.com.br\/spa\/wp-json\/wp\/v2\/media?parent=169"}],"curies":[{"name":"wp","href":"https:\/\/api.w.org\/{rel}","templated":true}]}}